{"id":8145,"date":"2025-06-16T09:30:00","date_gmt":"2025-06-16T07:30:00","guid":{"rendered":"https:\/\/famicord.lu\/?post_type=pregnancy_zone&#038;p=8145"},"modified":"2025-12-23T12:14:27","modified_gmt":"2025-12-23T11:14:27","slug":"premiers-mouvements-du-bebe","status":"publish","type":"pregnancy_zone","link":"https:\/\/famicord.lu\/fr\/pregnancy-zone-2\/informations-sur-la-grossesse\/premiers-mouvements-du-bebe","title":{"rendered":"Les premiers mouvements du b\u00e9b\u00e9 \u2013 quand peut-on les sentir ?"},"content":{"rendered":"<p><script type=\"application\/ld+json\">{\"@context\":\"https:\/\/schema.org\",\"@type\":\"FAQPage\",\"@id\":\"https:\/\/famicord.lu\/fr\/pregnancy-zone-2\/schwangerschaftsinformationen\/erste-bewegungen-des-babys#faq\",\"url\":\"https:\/\/famicord.lu\/fr\/pregnancy-zone-2\/schwangerschaftsinformationen\/erste-bewegungen-des-babys\",\"inLanguage\":\"fr-LU\",\"mainEntity\":[{\"@type\":\"Question\",\"name\":\"\u00c0 quelle semaine sent-on le b\u00e9b\u00e9 ?\",\"acceptedAnswer\":{\"@type\":\"Answer\",\"text\":\"Les premiers mouvements \u2013 comme des gargouillements, chatouilles ou fr\u00e9missements \u2013 peuvent \u00eatre per\u00e7us d\u00e8s la 16e semaine, mais souvent seulement entre la 18e et la 22e semaine.\"}},{\"@type\":\"Question\",\"name\":\"Quand les mouvements sont-ils visibles de l\u2019ext\u00e9rieur ?\",\"acceptedAnswer\":{\"@type\":\"Answer\",\"text\":\"Entre le 7e et le 8e mois de grossesse, lorsque le b\u00e9b\u00e9 donne de forts coups ou bouge vigoureusement dans l\u2019ut\u00e9rus, ces mouvements peuvent \u00eatre visibles de l\u2019ext\u00e9rieur.\"}},{\"@type\":\"Question\",\"name\":\"O\u00f9 ressent-on les premiers mouvements ?\",\"acceptedAnswer\":{\"@type\":\"Answer\",\"text\":\"Cela d\u00e9pend de la position du b\u00e9b\u00e9 et du placenta, mais les premiers mouvements sont le plus souvent ressentis bas dans le ventre, juste au-dessus de la ligne du slip.\"}}]}<\/script><\/p>\n\n\n<p class=\" eplus-wrapper\">Les parents attendent avec impatience de ressentir les premiers mouvements de leur b\u00e9b\u00e9. Ces moments sont souvent tr\u00e8s \u00e9mouvants et jouent un r\u00f4le essentiel dans le lien qui se cr\u00e9e entre l\u2019enfant et les parents. Pour surveiller le bien-\u00eatre du f\u0153tus, il est tr\u00e8s important que la m\u00e8re observe et compte les mouvements de son b\u00e9b\u00e9. Mais \u00e0 quelle semaine de grossesse ressent-on les premiers mouvements ?<\/p>\n\n\n\n<h2 class=\" wp-block-heading eplus-wrapper\"><strong>Comment reconna\u00eetre les premiers mouvements du b\u00e9b\u00e9 dans le ventre ?<\/strong><\/h2>\n\n\n\n<p class=\" eplus-wrapper\">Les mouvements du b\u00e9b\u00e9 dans l\u2019ut\u00e9rus peuvent \u00eatre per\u00e7us de mani\u00e8re tr\u00e8s diff\u00e9rente. Les femmes enceintes pour la premi\u00e8re fois s\u2019attendent souvent \u00e0 des coups puissants, mais les premiers mouvements ressemblent g\u00e9n\u00e9ralement plut\u00f4t \u00e0 des battements d\u2019ailes de papillon. Les vrais coups de pied, parfois d\u00e9sagr\u00e9ables, n\u2019apparaissent g\u00e9n\u00e9ralement qu\u2019\u00e0 l\u2019approche de l\u2019accouchement. La fr\u00e9quence et l\u2019intensit\u00e9 des mouvements d\u00e9pendent notamment de la position du b\u00e9b\u00e9 dans l\u2019ut\u00e9rus. Le poids de la m\u00e8re avant la grossesse et la quantit\u00e9 de tissu adipeux influencent \u00e9galement la perception \u2013 les femmes fines et minces ressentent g\u00e9n\u00e9ralement les mouvements plus t\u00f4t.<\/p>\n\n\n\n<h2 class=\" wp-block-heading eplus-wrapper\"><strong>Quand ressent-on les premiers mouvements pendant la grossesse ?<\/strong><\/h2>\n\n\n\n<p class=\" eplus-wrapper\">D\u00e8s la 15e semaine de grossesse, le b\u00e9b\u00e9 effectue des mouvements complexes avec les bras et les jambes. Cependant, ils sont encore trop subtils pour \u00eatre ressentis par la m\u00e8re. \u00c0 partir de la 16e semaine, certaines femmes peuvent percevoir de l\u00e9gers mouvements, mais c\u2019est le plus souvent autour de la 20e semaine qu\u2019ils sont ressentis. Beaucoup les comparent \u00e0 des mouvements intestinaux \u2013 un l\u00e9ger gargouillement ou fr\u00e9missement. Lors d\u2019une grossesse suivante, ces mouvements peuvent \u00eatre ressentis d\u00e8s la 15e \u00e0 18e semaine. En avan\u00e7ant dans la grossesse, les mouvements deviennent plus r\u00e9guliers et plus intenses.<\/p>\n\n\n\n<p class=\" eplus-wrapper\">Vers la fin de la grossesse, le b\u00e9b\u00e9 devient plus grand et les mouvements redeviennent plus doux. N\u00e9anmoins, ils restent tr\u00e8s importants car ils sont le signe du bon d\u00e9veloppement et du bien-\u00eatre de l\u2019enfant.<\/p>\n\n\n\n<h2 class=\" wp-block-heading eplus-wrapper\"><strong>\u00c0 quoi ressemblent les premiers mouvements \u2013 sont-ils r\u00e9guliers ?<\/strong><\/h2>\n\n\n\n<p class=\" eplus-wrapper\">Il n\u2019est pas toujours facile de percevoir les premiers mouvements, surtout lors d\u2019une premi\u00e8re grossesse, lorsque la femme ne sait pas encore vraiment \u00e0 quoi s\u2019attendre. Le meilleur moment pour les ressentir est dans un \u00e9tat de repos total, par exemple allong\u00e9e sur le dos. Cela permet de mieux capter les signaux du corps.<\/p>\n\n\n\n<p class=\" eplus-wrapper\">Chaque b\u00e9b\u00e9 a son propre rythme quotidien \u2013 certains sont actifs le matin, d\u2019autres le soir. Les mouvements sont souvent plus marqu\u00e9s apr\u00e8s un repas. L\u2019activit\u00e9 du b\u00e9b\u00e9 est un signe de bon d\u00e9veloppement. Ces mouvements permettent \u00e9galement \u00e0 l\u2019enfant de se pr\u00e9parer \u00e0 la naissance.<\/p>\n\n\n\n<h2 class=\" wp-block-heading eplus-wrapper\"><strong>Comment bouge le b\u00e9b\u00e9 dans l\u2019ut\u00e9rus ?<\/strong><\/h2>\n\n\n\n<p class=\" eplus-wrapper\">Le b\u00e9b\u00e9 bouge les bras et les jambes, fait des galipettes, suce son pouce et b\u00e2ille. Lors des \u00e9chographies, on peut parfois m\u00eame le voir faire des grimaces ou sourire. Les \u00e9chographies en 3D ou 4D sont particuli\u00e8rement populaires aujourd\u2019hui \u2013 elles permettent aux parents de voir leur b\u00e9b\u00e9 en d\u00e9tail et d\u2019emporter des photos ou vid\u00e9os souvenirs.<\/p>\n\n\n\n<p class=\" eplus-wrapper\">L\u2019activit\u00e9 du b\u00e9b\u00e9 est aussi \u00e9valu\u00e9e dans le cadre du test de Manning (profil biophysique), r\u00e9alis\u00e9 g\u00e9n\u00e9ralement au troisi\u00e8me trimestre ou apr\u00e8s le terme. Lors de cet examen, les mouvements respiratoires et g\u00e9n\u00e9raux du f\u0153tus sont analys\u00e9s \u00e0 l\u2019aide d\u2019une \u00e9chographie et d\u2019un monitoring. L\u2019objectif est d\u2019\u00e9valuer le bien-\u00eatre du b\u00e9b\u00e9 \u2013 un r\u00e9sultat inhabituel peut indiquer une souffrance f\u0153tale ou un manque d\u2019oxyg\u00e8ne.<\/p>\n\n\n\n<h2 class=\" wp-block-heading eplus-wrapper\"><strong>Un b\u00e9b\u00e9 particuli\u00e8rement actif dans le ventre<\/strong><\/h2>\n\n\n\n<p class=\" eplus-wrapper\">Apr\u00e8s les repas ou durant les p\u00e9riodes de repos de la m\u00e8re, le b\u00e9b\u00e9 est souvent plus actif. Les femmes ayant peu de masse graisseuse ressentent g\u00e9n\u00e9ralement ces mouvements plus intens\u00e9ment. Le b\u00e9b\u00e9 r\u00e9agit \u00e9galement aux bruits forts ou aux stimulations ext\u00e9rieures. Les \u00e9motions de la m\u00e8re peuvent aussi influencer l\u2019activit\u00e9 du b\u00e9b\u00e9.<\/p>\n\n\n\n<p class=\" eplus-wrapper\">Pendant le sommeil, le b\u00e9b\u00e9 ne bouge pas \u2013 ces phases durent g\u00e9n\u00e9ralement environ 40 minutes et rarement plus de 90 minutes. Pour les b\u00e9b\u00e9s tr\u00e8s actifs, un l\u00e9ger bercement ou une promenade peut avoir un effet apaisant. Certaines m\u00e8res \u00e9coutent de la musique classique pour d\u00e9tendre le b\u00e9b\u00e9 \u2013 car \u00e0 partir de la 25e semaine environ, le f\u0153tus r\u00e9agit aux sons ext\u00e9rieurs.<\/p>\n\n\n\n<h2 class=\" wp-block-heading eplus-wrapper\"><strong>Comment compter les mouvements du b\u00e9b\u00e9 avant la naissance ?<\/strong><\/h2>\n\n\n\n<p class=\" eplus-wrapper\">Surtout durant la seconde moiti\u00e9 de la grossesse, il est tr\u00e8s important de compter les mouvements du b\u00e9b\u00e9 chaque jour. Cela permet \u00e0 la m\u00e8re de surveiller elle-m\u00eame le bien-\u00eatre de son enfant. Le mieux est de compter les mouvements une heure apr\u00e8s le repas ou lorsque le b\u00e9b\u00e9 est le plus actif \u2013 en \u00e9tant allong\u00e9e sur le c\u00f4t\u00e9 gauche. Si la m\u00e8re per\u00e7oit moins de quatre mouvements en une heure, elle doit compter une heure de plus.<\/p>\n\n\n\n<p class=\" eplus-wrapper\">Certaines recommandations conseillent de compter jusqu\u2019\u00e0 dix mouvements \u2013 c\u2019est la m\u00e9thode de Cardiff. On compte les mouvements entre 9 h et 21 h. Cet exercice doit \u00eatre r\u00e9p\u00e9t\u00e9 chaque jour jusqu\u2019\u00e0 ce que dix mouvements soient ressentis. Une carte sp\u00e9ciale de suivi peut \u00e9galement \u00eatre utile. En cas d\u2019absence totale de mouvements jusqu\u2019\u00e0 la 22e semaine, une consultation m\u00e9dicale est imp\u00e9rative.<\/p>\n\n\n\n<h2 class=\" wp-block-heading eplus-wrapper\"><strong>\u00c0 quel mois sent-on les coups de pied du b\u00e9b\u00e9 ?<\/strong><\/h2>\n\n\n\n<p class=\" eplus-wrapper\">Pour que le b\u00e9b\u00e9 puisse donner de v\u00e9ritables coups ou appuyer contre l\u2019ut\u00e9rus, il doit avoir atteint une certaine taille et force \u2013 ce qui est g\u00e9n\u00e9ralement le cas \u00e0 partir de la 26e semaine, soit \u00e0 la fin du 6e mois. La future m\u00e8re ressent alors des mouvements plus francs, parfois une tension d\u00e9sagr\u00e9able ou des coups \u00e0 certains endroits du ventre. Il arrive que le b\u00e9b\u00e9 appuie une main ou un pied contre la paroi abdominale \u2013 ce ph\u00e9nom\u00e8ne est assez fr\u00e9quent. Le voir pour la premi\u00e8re fois est un moment inoubliable pour de nombreux parents.<\/p>\n\n\n\n<p class=\" eplus-wrapper\">\u00c0 la fin de la grossesse, les mouvements du b\u00e9b\u00e9 deviennent plus doux, mais sont tr\u00e8s nets \u00e0 cause du manque d\u2019espace. De nombreuses futures m\u00e8res les trouvent alors inconfortables, voire douloureux.<\/p>\n\n\n\n<h2 class=\" wp-block-heading eplus-wrapper\"><strong>Comment stimuler les mouvements du b\u00e9b\u00e9 ?<\/strong><\/h2>\n\n\n<ul class=\" wp-block-list eplus-wrapper eplus-styles-uid-5ed28d\">\n<li class=\" eplus-wrapper\"><strong>Taper et parler<\/strong> : Si le b\u00e9b\u00e9 bouge, on peut tapoter doucement en retour. Parler est aussi une bonne id\u00e9e \u2013 m\u00eame si le b\u00e9b\u00e9 ne comprend pas encore le langage, il reconna\u00eetra les sons \u00e0 la fin du troisi\u00e8me trimestre.<\/li>\n\n\n\n<li class=\" eplus-wrapper\"><strong>Bercer et mettre de la musique<\/strong> : La musique diffus\u00e9e par des \u00e9couteurs ou une enceinte sur le ventre peut aider le b\u00e9b\u00e9 \u00e0 s\u2019habituer aux sons ext\u00e9rieurs. Les mouvements de la m\u00e8re stimulent \u00e9galement l\u2019activit\u00e9, tandis que le calme indique une p\u00e9riode de repos.<\/li>\n\n\n\n<li class=\" eplus-wrapper\"><strong>Manger sucr\u00e9 et rire<\/strong> : Une glyc\u00e9mie plus \u00e9lev\u00e9e rend le b\u00e9b\u00e9 plus actif \u2013 mais les sucreries doivent \u00eatre consomm\u00e9es avec mod\u00e9ration. Le rire stimule aussi la circulation sanguine, ce qui peut intensifier les mouvements du b\u00e9b\u00e9. Lors d\u2019une \u00e9chographie, le rire de la m\u00e8re peut m\u00eame faire bouger davantage le b\u00e9b\u00e9.<\/li>\n<\/ul>\n\n\n<h2 class=\" wp-block-heading eplus-wrapper\"><strong>FAQ :<\/strong><\/h2>\n\n\n\n<p class=\" eplus-wrapper\"><strong>\u00c0 quelle semaine sent-on le b\u00e9b\u00e9 ?<\/strong><br>Les premiers mouvements \u2013 comme des gargouillements, chatouilles ou fr\u00e9missements \u2013 peuvent \u00eatre per\u00e7us d\u00e8s la 16e semaine, mais souvent seulement entre la 18e et la 22e semaine.<\/p>\n\n\n\n<p class=\" eplus-wrapper\"><strong>Quand les mouvements sont-ils visibles de l\u2019ext\u00e9rieur ?<\/strong><br>Entre le 7e et le 8e mois de grossesse, lorsque le b\u00e9b\u00e9 donne de forts coups ou bouge vigoureusement dans l\u2019ut\u00e9rus, ces mouvements peuvent \u00eatre visibles de l\u2019ext\u00e9rieur.<\/p>\n\n\n\n<p class=\" eplus-wrapper\"><strong>O\u00f9 ressent-on les premiers mouvements ?<\/strong><br>Cela d\u00e9pend de la position du b\u00e9b\u00e9 et du placenta, mais les premiers mouvements sont le plus souvent ressentis bas dans le ventre, juste au-dessus de la ligne du slip.<\/p>\n","protected":false},"excerpt":{"rendered":"<p>Les parents attendent avec impatience de ressentir les premiers mouvements de leur b\u00e9b\u00e9. Ces moments sont souvent tr\u00e8s \u00e9mouvants et jouent un r\u00f4le essentiel dans le lien qui se cr\u00e9e entre l\u2019enfant et les parents. Pour surveiller le bien-\u00eatre du f\u0153tus, il est tr\u00e8s important que la m\u00e8re observe et compte les mouvements de son [&hellip;]<\/p>\n","protected":false},"author":4,"featured_media":8143,"template":"","pregnancy_zone_category":[91],"class_list":["post-8145","pregnancy_zone","type-pregnancy_zone","status-publish","has-post-thumbnail","hentry","pregnancy_zone_category-informations-sur-la-grossesse"],"acf":[],"yoast_head":"<!-- This site is optimized with the Yoast SEO plugin v27.3 - https:\/\/yoast.com\/product\/yoast-seo-wordpress\/ -->\n<title>Mouvements du b\u00e9b\u00e9 pendant la grossesse | FamiCord Suisse<\/title>\n<meta name=\"description\" content=\"Quand ressent-on les premiers mouvements du b\u00e9b\u00e9 ? D\u00e9couvrez comment ils se manifestent et ce qu\u2019ils indiquent sur son bien-\u00eatre.\" \/>\n<meta name=\"robots\" content=\"index, follow, max-snippet:-1, max-image-preview:large, max-video-preview:-1\" \/>\n<link rel=\"canonical\" href=\"https:\/\/famicord.lu\/fr\/pregnancy-zone-2\/informations-sur-la-grossesse\/premiers-mouvements-du-bebe\" \/>\n<meta property=\"og:locale\" content=\"fr_FR\" \/>\n<meta property=\"og:type\" content=\"article\" \/>\n<meta property=\"og:title\" content=\"Mouvements du b\u00e9b\u00e9 pendant la grossesse | FamiCord Suisse\" \/>\n<meta property=\"og:description\" content=\"Quand ressent-on les premiers mouvements du b\u00e9b\u00e9 ? D\u00e9couvrez comment ils se manifestent et ce qu\u2019ils indiquent sur son bien-\u00eatre.\" \/>\n<meta property=\"og:url\" content=\"https:\/\/famicord.lu\/fr\/pregnancy-zone-2\/informations-sur-la-grossesse\/premiers-mouvements-du-bebe\" \/>\n<meta property=\"og:site_name\" content=\"Famicord Suisse\" \/>\n<meta property=\"article:modified_time\" content=\"2025-12-23T11:14:27+00:00\" \/>\n<meta property=\"og:image\" content=\"https:\/\/famicord.lu\/wp-content\/uploads\/2025\/06\/Bewegung_Baby.webp\" \/>\n\t<meta property=\"og:image:width\" content=\"640\" \/>\n\t<meta property=\"og:image:height\" content=\"427\" \/>\n\t<meta property=\"og:image:type\" content=\"image\/webp\" \/>\n<meta name=\"twitter:card\" content=\"summary_large_image\" \/>\n<meta name=\"twitter:label1\" content=\"Est. reading time\" \/>\n\t<meta name=\"twitter:data1\" content=\"7 minutes\" \/>\n<script type=\"application\/ld+json\" class=\"yoast-schema-graph\">{\"@context\":\"https:\\\/\\\/schema.org\",\"@graph\":[{\"@type\":\"WebPage\",\"@id\":\"https:\\\/\\\/famicord.lu\\\/fr\\\/pregnancy-zone-2\\\/informations-sur-la-grossesse\\\/premiers-mouvements-du-bebe\",\"url\":\"https:\\\/\\\/famicord.lu\\\/fr\\\/pregnancy-zone-2\\\/informations-sur-la-grossesse\\\/premiers-mouvements-du-bebe\",\"name\":\"Mouvements du b\u00e9b\u00e9 pendant la grossesse | FamiCord Suisse\",\"isPartOf\":{\"@id\":\"https:\\\/\\\/famicord.lu\\\/fr#website\"},\"primaryImageOfPage\":{\"@id\":\"https:\\\/\\\/famicord.lu\\\/fr\\\/pregnancy-zone-2\\\/informations-sur-la-grossesse\\\/premiers-mouvements-du-bebe#primaryimage\"},\"image\":{\"@id\":\"https:\\\/\\\/famicord.lu\\\/fr\\\/pregnancy-zone-2\\\/informations-sur-la-grossesse\\\/premiers-mouvements-du-bebe#primaryimage\"},\"thumbnailUrl\":\"https:\\\/\\\/famicord.lu\\\/wp-content\\\/uploads\\\/2025\\\/06\\\/Bewegung_Baby.webp\",\"datePublished\":\"2025-06-16T07:30:00+00:00\",\"dateModified\":\"2025-12-23T11:14:27+00:00\",\"description\":\"Quand ressent-on les premiers mouvements du b\u00e9b\u00e9 ? D\u00e9couvrez comment ils se manifestent et ce qu\u2019ils indiquent sur son bien-\u00eatre.\",\"breadcrumb\":{\"@id\":\"https:\\\/\\\/famicord.lu\\\/fr\\\/pregnancy-zone-2\\\/informations-sur-la-grossesse\\\/premiers-mouvements-du-bebe#breadcrumb\"},\"inLanguage\":\"fr-LU\",\"potentialAction\":[{\"@type\":\"ReadAction\",\"target\":[\"https:\\\/\\\/famicord.lu\\\/fr\\\/pregnancy-zone-2\\\/informations-sur-la-grossesse\\\/premiers-mouvements-du-bebe\"]}]},{\"@type\":\"ImageObject\",\"inLanguage\":\"fr-LU\",\"@id\":\"https:\\\/\\\/famicord.lu\\\/fr\\\/pregnancy-zone-2\\\/informations-sur-la-grossesse\\\/premiers-mouvements-du-bebe#primaryimage\",\"url\":\"https:\\\/\\\/famicord.lu\\\/wp-content\\\/uploads\\\/2025\\\/06\\\/Bewegung_Baby.webp\",\"contentUrl\":\"https:\\\/\\\/famicord.lu\\\/wp-content\\\/uploads\\\/2025\\\/06\\\/Bewegung_Baby.webp\",\"width\":640,\"height\":427},{\"@type\":\"BreadcrumbList\",\"@id\":\"https:\\\/\\\/famicord.lu\\\/fr\\\/pregnancy-zone-2\\\/informations-sur-la-grossesse\\\/premiers-mouvements-du-bebe#breadcrumb\",\"itemListElement\":[{\"@type\":\"ListItem\",\"position\":1,\"name\":\"Home\",\"item\":\"https:\\\/\\\/famicord.lu\\\/fr\"},{\"@type\":\"ListItem\",\"position\":2,\"name\":\"FamiBlog\",\"item\":\"https:\\\/\\\/famicord.lu\\\/fr\\\/pregnancy-zone-2\"},{\"@type\":\"ListItem\",\"position\":3,\"name\":\"Les premiers mouvements du b\u00e9b\u00e9 \u2013 quand peut-on les sentir ?\"}]},{\"@type\":\"WebSite\",\"@id\":\"https:\\\/\\\/famicord.lu\\\/fr#website\",\"url\":\"https:\\\/\\\/famicord.lu\\\/fr\",\"name\":\"FamiCord Suisse\",\"description\":\"\",\"potentialAction\":[{\"@type\":\"SearchAction\",\"target\":{\"@type\":\"EntryPoint\",\"urlTemplate\":\"https:\\\/\\\/famicord.lu\\\/fr?s={search_term_string}\"},\"query-input\":{\"@type\":\"PropertyValueSpecification\",\"valueRequired\":true,\"valueName\":\"search_term_string\"}}],\"inLanguage\":\"fr-LU\"}]}<\/script>\n<!-- \/ Yoast SEO plugin. -->","yoast_head_json":{"title":"Mouvements du b\u00e9b\u00e9 pendant la grossesse | FamiCord Suisse","description":"Quand ressent-on les premiers mouvements du b\u00e9b\u00e9 ? D\u00e9couvrez comment ils se manifestent et ce qu\u2019ils indiquent sur son bien-\u00eatre.","robots":{"index":"index","follow":"follow","max-snippet":"max-snippet:-1","max-image-preview":"max-image-preview:large","max-video-preview":"max-video-preview:-1"},"canonical":"https:\/\/famicord.lu\/fr\/pregnancy-zone-2\/informations-sur-la-grossesse\/premiers-mouvements-du-bebe","og_locale":"fr_FR","og_type":"article","og_title":"Mouvements du b\u00e9b\u00e9 pendant la grossesse | FamiCord Suisse","og_description":"Quand ressent-on les premiers mouvements du b\u00e9b\u00e9 ? D\u00e9couvrez comment ils se manifestent et ce qu\u2019ils indiquent sur son bien-\u00eatre.","og_url":"https:\/\/famicord.lu\/fr\/pregnancy-zone-2\/informations-sur-la-grossesse\/premiers-mouvements-du-bebe","og_site_name":"Famicord Suisse","article_modified_time":"2025-12-23T11:14:27+00:00","og_image":[{"width":640,"height":427,"url":"https:\/\/famicord.lu\/wp-content\/uploads\/2025\/06\/Bewegung_Baby.webp","type":"image\/webp"}],"twitter_card":"summary_large_image","twitter_misc":{"Est. reading time":"7 minutes"},"schema":{"@context":"https:\/\/schema.org","@graph":[{"@type":"WebPage","@id":"https:\/\/famicord.lu\/fr\/pregnancy-zone-2\/informations-sur-la-grossesse\/premiers-mouvements-du-bebe","url":"https:\/\/famicord.lu\/fr\/pregnancy-zone-2\/informations-sur-la-grossesse\/premiers-mouvements-du-bebe","name":"Mouvements du b\u00e9b\u00e9 pendant la grossesse | FamiCord Suisse","isPartOf":{"@id":"https:\/\/famicord.lu\/fr#website"},"primaryImageOfPage":{"@id":"https:\/\/famicord.lu\/fr\/pregnancy-zone-2\/informations-sur-la-grossesse\/premiers-mouvements-du-bebe#primaryimage"},"image":{"@id":"https:\/\/famicord.lu\/fr\/pregnancy-zone-2\/informations-sur-la-grossesse\/premiers-mouvements-du-bebe#primaryimage"},"thumbnailUrl":"https:\/\/famicord.lu\/wp-content\/uploads\/2025\/06\/Bewegung_Baby.webp","datePublished":"2025-06-16T07:30:00+00:00","dateModified":"2025-12-23T11:14:27+00:00","description":"Quand ressent-on les premiers mouvements du b\u00e9b\u00e9 ? D\u00e9couvrez comment ils se manifestent et ce qu\u2019ils indiquent sur son bien-\u00eatre.","breadcrumb":{"@id":"https:\/\/famicord.lu\/fr\/pregnancy-zone-2\/informations-sur-la-grossesse\/premiers-mouvements-du-bebe#breadcrumb"},"inLanguage":"fr-LU","potentialAction":[{"@type":"ReadAction","target":["https:\/\/famicord.lu\/fr\/pregnancy-zone-2\/informations-sur-la-grossesse\/premiers-mouvements-du-bebe"]}]},{"@type":"ImageObject","inLanguage":"fr-LU","@id":"https:\/\/famicord.lu\/fr\/pregnancy-zone-2\/informations-sur-la-grossesse\/premiers-mouvements-du-bebe#primaryimage","url":"https:\/\/famicord.lu\/wp-content\/uploads\/2025\/06\/Bewegung_Baby.webp","contentUrl":"https:\/\/famicord.lu\/wp-content\/uploads\/2025\/06\/Bewegung_Baby.webp","width":640,"height":427},{"@type":"BreadcrumbList","@id":"https:\/\/famicord.lu\/fr\/pregnancy-zone-2\/informations-sur-la-grossesse\/premiers-mouvements-du-bebe#breadcrumb","itemListElement":[{"@type":"ListItem","position":1,"name":"Home","item":"https:\/\/famicord.lu\/fr"},{"@type":"ListItem","position":2,"name":"FamiBlog","item":"https:\/\/famicord.lu\/fr\/pregnancy-zone-2"},{"@type":"ListItem","position":3,"name":"Les premiers mouvements du b\u00e9b\u00e9 \u2013 quand peut-on les sentir ?"}]},{"@type":"WebSite","@id":"https:\/\/famicord.lu\/fr#website","url":"https:\/\/famicord.lu\/fr","name":"FamiCord Suisse","description":"","potentialAction":[{"@type":"SearchAction","target":{"@type":"EntryPoint","urlTemplate":"https:\/\/famicord.lu\/fr?s={search_term_string}"},"query-input":{"@type":"PropertyValueSpecification","valueRequired":true,"valueName":"search_term_string"}}],"inLanguage":"fr-LU"}]}},"_links":{"self":[{"href":"https:\/\/famicord.lu\/fr\/wp-json\/wp\/v2\/pregnancy_zone\/8145","targetHints":{"allow":["GET"]}}],"collection":[{"href":"https:\/\/famicord.lu\/fr\/wp-json\/wp\/v2\/pregnancy_zone"}],"about":[{"href":"https:\/\/famicord.lu\/fr\/wp-json\/wp\/v2\/types\/pregnancy_zone"}],"author":[{"embeddable":true,"href":"https:\/\/famicord.lu\/fr\/wp-json\/wp\/v2\/users\/4"}],"wp:featuredmedia":[{"embeddable":true,"href":"https:\/\/famicord.lu\/fr\/wp-json\/wp\/v2\/media\/8143"}],"wp:attachment":[{"href":"https:\/\/famicord.lu\/fr\/wp-json\/wp\/v2\/media?parent=8145"}],"wp:term":[{"taxonomy":"pregnancy_zone_category","embeddable":true,"href":"https:\/\/famicord.lu\/fr\/wp-json\/wp\/v2\/pregnancy_zone_category?post=8145"}],"curies":[{"name":"wp","href":"https:\/\/api.w.org\/{rel}","templated":true}]}}