{"id":8048,"date":"2025-05-15T09:30:00","date_gmt":"2025-05-15T07:30:00","guid":{"rendered":"https:\/\/famicord.lu\/?post_type=pregnancy_zone&#038;p=8048"},"modified":"2025-12-23T12:43:52","modified_gmt":"2025-12-23T11:43:52","slug":"eruption-cutanee","status":"publish","type":"pregnancy_zone","link":"https:\/\/famicord.lu\/fr\/pregnancy-zone-2\/troubles-de-la-grossesse\/eruption-cutanee","title":{"rendered":"\u00c9ruption cutan\u00e9e pendant la grossesse \u2013 un changement physiologique ou une maladie ?"},"content":{"rendered":"\n<p class=\" eplus-wrapper\">Une \u00e9ruption cutan\u00e9e pendant la grossesse se manifeste g\u00e9n\u00e9ralement sous la forme de l&#8217;urticaire, qui appara\u00eet souvent sur l&#8217;abdomen. Ces changements ont g\u00e9n\u00e9ralement des causes hormonales et ne sont pas dangereux. Cependant, parfois, l&#8217;urticaire peut \u00eatre un sympt\u00f4me d&#8217;une maladie. Quand une \u00e9ruption cutan\u00e9e pendant la grossesse devrait-elle susciter des inqui\u00e9tudes ? Et comment est-elle trait\u00e9e ?<\/p>\n\n\n\n<p class=\" eplus-wrapper\">Les changements cutan\u00e9s sont une plainte courante chez les femmes enceintes. Ils surviennent comme une r\u00e9ponse naturelle et physiologique du corps aux changements qui sont en partie hormonaux et li\u00e9s au m\u00e9tabolisme. Les dermatoses qui se d\u00e9veloppent ont des causes variables et des \u00e9volutions diverses. Dans la plupart des cas, une \u00e9ruption cutan\u00e9e ne pr\u00e9sente aucun danger pour la sant\u00e9 de l&#8217;enfant ni de la m\u00e8re.<\/p>\n\n\n\n<h2 class=\" wp-block-heading eplus-wrapper\"><strong>Urticaire pendant la grossesse<\/strong><\/h2>\n\n\n\n<p class=\" eplus-wrapper\">L&#8217;urticaire dite li\u00e9e \u00e0 la grossesse est l&#8217;un des changements cutan\u00e9s les plus fr\u00e9quents chez les futures m\u00e8res. Elle est caus\u00e9e par des perturbations du syst\u00e8me immunitaire. Une r\u00e9action allergique \u00e0 certains aliments ou une hypersensibilit\u00e9 de la peau \u00e0 la lumi\u00e8re du soleil peut \u00e9galement d\u00e9clencher des dermatoses. L&#8217;\u00e9ruption se manifeste par des petites papules caract\u00e9ristiques, sur\u00e9lev\u00e9es. Dans certains cas, elle peut \u00e9galement se pr\u00e9senter sous forme de v\u00e9sicules contenant un liquide s\u00e9reux, rappelant une br\u00fblure d&#8217;ortie.<\/p>\n\n\n\n<p class=\" eplus-wrapper\">Ces dermatoses s&#8217;accompagnent de d\u00e9mangeaisons intenses et de br\u00fblures. Les changements apparaissent g\u00e9n\u00e9ralement sur l&#8217;abdomen, mais peuvent \u00e9galement se propager aux mains, aux pieds, aux fesses, au dos et au visage. L&#8217;urticaire li\u00e9e \u00e0 la grossesse survient g\u00e9n\u00e9ralement au troisi\u00e8me trimestre et touche fr\u00e9quemment les femmes lors de leur premi\u00e8re grossesse. Bien que ces dermatoses ne repr\u00e9sentent aucun danger pour l&#8217;enfant, elles sont tr\u00e8s p\u00e9nibles pour la m\u00e8re.<\/p>\n\n\n\n<p class=\" eplus-wrapper\">Bien que l&#8217;\u00e9ruption disparaisse g\u00e9n\u00e9ralement d&#8217;elle-m\u00eame apr\u00e8s l&#8217;accouchement, un traitement symptomatique avec des antihistaminiques ou des corticost\u00e9ro\u00efdes locaux est recommand\u00e9 pour soulager les d\u00e9mangeaisons d\u00e9sagr\u00e9ables. Cependant, les femmes enceintes ne doivent pas prendre de m\u00e9dicaments par elles-m\u00eames, m\u00eame ceux en vente libre. Une consultation m\u00e9dicale est absolument n\u00e9cessaire.<\/p>\n\n\n\n<h2 class=\" wp-block-heading eplus-wrapper\"><strong>\u00c9ruption polymorphe prurigineuse de la grossesse<\/strong><\/h2>\n\n\n\n<p class=\" eplus-wrapper\">L&#8217;\u00e9ruption polymorphe prurigineuse de la grossesse survient au troisi\u00e8me trimestre et suit g\u00e9n\u00e9ralement un cours b\u00e9nin. La cause exacte n&#8217;est pas connue. Il est suppos\u00e9 que les changements cutan\u00e9s sont dus \u00e0 un \u00e9tirement de la peau, provoquant des dommages m\u00e9caniques au tissu conjonctif.<\/p>\n\n\n\n<p class=\" eplus-wrapper\">L&#8217;\u00e9ruption se manifeste par des nodules cutan\u00e9s, souvent localis\u00e9s pr\u00e8s des vergetures sur l&#8217;abdomen, les fesses, les cuisses et le tronc. Les femmes en surpoids ou celles qui avaient des allergies cutan\u00e9es (y compris l&#8217;ecz\u00e9ma) avant la grossesse sont particuli\u00e8rement \u00e0 risque. La dermatoses polymorphe ne n\u00e9cessite pas de traitement sp\u00e9cifique. Cependant, en cas de d\u00e9mangeaisons intenses, un traitement symptomatique avec des corticost\u00e9ro\u00efdes locaux et des antihistaminiques peut \u00eatre utilis\u00e9.<\/p>\n\n\n\n<h2 class=\" wp-block-heading eplus-wrapper\"><strong>Dermatose atopique de la grossesse<\/strong><\/h2>\n\n\n\n<p class=\" eplus-wrapper\">La dermatose atopique de la grossesse est une forme b\u00e9nigne de maladie de la peau qui appara\u00eet au d\u00e9but du troisi\u00e8me trimestre ou \u00e0 la fin du deuxi\u00e8me trimestre. Les changements cutan\u00e9s se manifestent par de petites papules sur le tronc, les membres, les bras, le cou et m\u00eame le visage. Comme pour l&#8217;ecz\u00e9ma classique, des d\u00e9mangeaisons locales, des desquamations, des fissures cutan\u00e9es et des rougeurs peuvent survenir en r\u00e9ponse \u00e0 des stimuli externes (par exemple, le froid).<\/p>\n\n\n\n<p class=\" eplus-wrapper\">La plupart des femmes ont une pr\u00e9disposition g\u00e9n\u00e9tique aux maladies atopiques dans leur famille.<br>Le traitement est symptomatique. Les processus inflammatoires de la peau peuvent \u00eatre soulag\u00e9s avec des antihistaminiques locaux et des corticost\u00e9ro\u00efdes. Les produits de soins pour les peaux atopiques apportent \u00e9galement un soulagement. L&#8217;application r\u00e9guli\u00e8re d&#8217;\u00e9mollients am\u00e9liore l&#8217;hydratation de la peau, pr\u00e9vient la perte d&#8217;eau et la s\u00e9cheresse excessive et aide \u00e0 r\u00e9duire les d\u00e9mangeaisons.<\/p>\n\n\n\n<h2 class=\" wp-block-heading eplus-wrapper\"><strong>Prurigo de la grossesse<\/strong><\/h2>\n\n\n\n<p class=\" eplus-wrapper\">Le prurigo de la grossesse, appel\u00e9 prurigo de Besnier, est une maladie d&#8217;origine incertaine. Contrairement \u00e0 d&#8217;autres dermatoses de la grossesse, elle peut appara\u00eetre d\u00e8s le premier trimestre. Les femmes souffrant de maladies allergiques comme l&#8217;asthme, l&#8217;ecz\u00e9ma ou la rhinite allergique sont particuli\u00e8rement \u00e0 risque. Un ant\u00e9c\u00e9dent familial de maladies atopiques est \u00e9galement un facteur de risque.<\/p>\n\n\n\n<p class=\" eplus-wrapper\">Cliniquement, la maladie ressemble \u00e0 l&#8217;ecz\u00e9ma classique. La peau devient excessivement s\u00e8che, commence \u00e0 desquamer et pr\u00e9sente des l\u00e9sions cutan\u00e9es partiellement rouges. Dans les cas graves, la s\u00e9cheresse entra\u00eene des fissures et des \u00e9rosions cutan\u00e9es. Le traitement est symptomatique et consiste principalement en l&#8217;utilisation d&#8217;\u00e9mollients pour les peaux atopiques. En cas de sympt\u00f4mes graves, des traitements topiques anti-inflammatoires peuvent \u00eatre n\u00e9cessaires. Les antihistaminiques soulagent les d\u00e9mangeaisons persistantes.<\/p>\n","protected":false},"excerpt":{"rendered":"<p>Une \u00e9ruption cutan\u00e9e pendant la grossesse se manifeste g\u00e9n\u00e9ralement sous la forme de l&#8217;urticaire, qui appara\u00eet souvent sur l&#8217;abdomen. Ces changements ont g\u00e9n\u00e9ralement des causes hormonales et ne sont pas dangereux. Cependant, parfois, l&#8217;urticaire peut \u00eatre un sympt\u00f4me d&#8217;une maladie. Quand une \u00e9ruption cutan\u00e9e pendant la grossesse devrait-elle susciter des inqui\u00e9tudes ? Et comment est-elle [&hellip;]<\/p>\n","protected":false},"author":4,"featured_media":8046,"template":"","pregnancy_zone_category":[90],"class_list":["post-8048","pregnancy_zone","type-pregnancy_zone","status-publish","has-post-thumbnail","hentry","pregnancy_zone_category-troubles-de-la-grossesse"],"acf":[],"yoast_head":"<!-- This site is optimized with the Yoast SEO plugin v27.3 - https:\/\/yoast.com\/product\/yoast-seo-wordpress\/ -->\n<title>\u00c9ruption cutan\u00e9e pendant la grossesse | FamiCord Suisse<\/title>\n<meta name=\"description\" content=\"Une \u00e9ruption cutan\u00e9e pendant la grossesse est souvent b\u00e9nigne. D\u00e9couvrez les causes, les formes courantes et quand consulter.\" \/>\n<meta name=\"robots\" content=\"index, follow, max-snippet:-1, max-image-preview:large, max-video-preview:-1\" \/>\n<link rel=\"canonical\" href=\"https:\/\/famicord.lu\/fr\/pregnancy-zone-2\/troubles-de-la-grossesse\/eruption-cutanee\" \/>\n<meta property=\"og:locale\" content=\"fr_FR\" \/>\n<meta property=\"og:type\" content=\"article\" \/>\n<meta property=\"og:title\" content=\"\u00c9ruption cutan\u00e9e pendant la grossesse | FamiCord Suisse\" \/>\n<meta property=\"og:description\" content=\"Une \u00e9ruption cutan\u00e9e pendant la grossesse est souvent b\u00e9nigne. D\u00e9couvrez les causes, les formes courantes et quand consulter.\" \/>\n<meta property=\"og:url\" content=\"https:\/\/famicord.lu\/fr\/pregnancy-zone-2\/troubles-de-la-grossesse\/eruption-cutanee\" \/>\n<meta property=\"og:site_name\" content=\"Famicord Suisse\" \/>\n<meta property=\"article:modified_time\" content=\"2025-12-23T11:43:52+00:00\" \/>\n<meta property=\"og:image\" content=\"https:\/\/famicord.lu\/wp-content\/uploads\/2025\/04\/Ausschlag.webp\" \/>\n\t<meta property=\"og:image:width\" content=\"640\" \/>\n\t<meta property=\"og:image:height\" content=\"427\" \/>\n\t<meta property=\"og:image:type\" content=\"image\/webp\" \/>\n<meta name=\"twitter:card\" content=\"summary_large_image\" \/>\n<meta name=\"twitter:label1\" content=\"Est. reading time\" \/>\n\t<meta name=\"twitter:data1\" content=\"5 minutes\" \/>\n<script type=\"application\/ld+json\" class=\"yoast-schema-graph\">{\"@context\":\"https:\\\/\\\/schema.org\",\"@graph\":[{\"@type\":\"WebPage\",\"@id\":\"https:\\\/\\\/famicord.lu\\\/fr\\\/pregnancy-zone-2\\\/troubles-de-la-grossesse\\\/eruption-cutanee\",\"url\":\"https:\\\/\\\/famicord.lu\\\/fr\\\/pregnancy-zone-2\\\/troubles-de-la-grossesse\\\/eruption-cutanee\",\"name\":\"\u00c9ruption cutan\u00e9e pendant la grossesse | FamiCord Suisse\",\"isPartOf\":{\"@id\":\"https:\\\/\\\/famicord.lu\\\/fr#website\"},\"primaryImageOfPage\":{\"@id\":\"https:\\\/\\\/famicord.lu\\\/fr\\\/pregnancy-zone-2\\\/troubles-de-la-grossesse\\\/eruption-cutanee#primaryimage\"},\"image\":{\"@id\":\"https:\\\/\\\/famicord.lu\\\/fr\\\/pregnancy-zone-2\\\/troubles-de-la-grossesse\\\/eruption-cutanee#primaryimage\"},\"thumbnailUrl\":\"https:\\\/\\\/famicord.lu\\\/wp-content\\\/uploads\\\/2025\\\/04\\\/Ausschlag.webp\",\"datePublished\":\"2025-05-15T07:30:00+00:00\",\"dateModified\":\"2025-12-23T11:43:52+00:00\",\"description\":\"Une \u00e9ruption cutan\u00e9e pendant la grossesse est souvent b\u00e9nigne. D\u00e9couvrez les causes, les formes courantes et quand consulter.\",\"breadcrumb\":{\"@id\":\"https:\\\/\\\/famicord.lu\\\/fr\\\/pregnancy-zone-2\\\/troubles-de-la-grossesse\\\/eruption-cutanee#breadcrumb\"},\"inLanguage\":\"fr-LU\",\"potentialAction\":[{\"@type\":\"ReadAction\",\"target\":[\"https:\\\/\\\/famicord.lu\\\/fr\\\/pregnancy-zone-2\\\/troubles-de-la-grossesse\\\/eruption-cutanee\"]}]},{\"@type\":\"ImageObject\",\"inLanguage\":\"fr-LU\",\"@id\":\"https:\\\/\\\/famicord.lu\\\/fr\\\/pregnancy-zone-2\\\/troubles-de-la-grossesse\\\/eruption-cutanee#primaryimage\",\"url\":\"https:\\\/\\\/famicord.lu\\\/wp-content\\\/uploads\\\/2025\\\/04\\\/Ausschlag.webp\",\"contentUrl\":\"https:\\\/\\\/famicord.lu\\\/wp-content\\\/uploads\\\/2025\\\/04\\\/Ausschlag.webp\",\"width\":640,\"height\":427},{\"@type\":\"BreadcrumbList\",\"@id\":\"https:\\\/\\\/famicord.lu\\\/fr\\\/pregnancy-zone-2\\\/troubles-de-la-grossesse\\\/eruption-cutanee#breadcrumb\",\"itemListElement\":[{\"@type\":\"ListItem\",\"position\":1,\"name\":\"Home\",\"item\":\"https:\\\/\\\/famicord.lu\\\/fr\"},{\"@type\":\"ListItem\",\"position\":2,\"name\":\"FamiBlog\",\"item\":\"https:\\\/\\\/famicord.lu\\\/fr\\\/pregnancy-zone-2\"},{\"@type\":\"ListItem\",\"position\":3,\"name\":\"\u00c9ruption cutan\u00e9e pendant la grossesse \u2013 un changement physiologique ou une maladie ?\"}]},{\"@type\":\"WebSite\",\"@id\":\"https:\\\/\\\/famicord.lu\\\/fr#website\",\"url\":\"https:\\\/\\\/famicord.lu\\\/fr\",\"name\":\"FamiCord Suisse\",\"description\":\"\",\"potentialAction\":[{\"@type\":\"SearchAction\",\"target\":{\"@type\":\"EntryPoint\",\"urlTemplate\":\"https:\\\/\\\/famicord.lu\\\/fr?s={search_term_string}\"},\"query-input\":{\"@type\":\"PropertyValueSpecification\",\"valueRequired\":true,\"valueName\":\"search_term_string\"}}],\"inLanguage\":\"fr-LU\"}]}<\/script>\n<!-- \/ Yoast SEO plugin. -->","yoast_head_json":{"title":"\u00c9ruption cutan\u00e9e pendant la grossesse | FamiCord Suisse","description":"Une \u00e9ruption cutan\u00e9e pendant la grossesse est souvent b\u00e9nigne. D\u00e9couvrez les causes, les formes courantes et quand consulter.","robots":{"index":"index","follow":"follow","max-snippet":"max-snippet:-1","max-image-preview":"max-image-preview:large","max-video-preview":"max-video-preview:-1"},"canonical":"https:\/\/famicord.lu\/fr\/pregnancy-zone-2\/troubles-de-la-grossesse\/eruption-cutanee","og_locale":"fr_FR","og_type":"article","og_title":"\u00c9ruption cutan\u00e9e pendant la grossesse | FamiCord Suisse","og_description":"Une \u00e9ruption cutan\u00e9e pendant la grossesse est souvent b\u00e9nigne. D\u00e9couvrez les causes, les formes courantes et quand consulter.","og_url":"https:\/\/famicord.lu\/fr\/pregnancy-zone-2\/troubles-de-la-grossesse\/eruption-cutanee","og_site_name":"Famicord Suisse","article_modified_time":"2025-12-23T11:43:52+00:00","og_image":[{"width":640,"height":427,"url":"https:\/\/famicord.lu\/wp-content\/uploads\/2025\/04\/Ausschlag.webp","type":"image\/webp"}],"twitter_card":"summary_large_image","twitter_misc":{"Est. reading time":"5 minutes"},"schema":{"@context":"https:\/\/schema.org","@graph":[{"@type":"WebPage","@id":"https:\/\/famicord.lu\/fr\/pregnancy-zone-2\/troubles-de-la-grossesse\/eruption-cutanee","url":"https:\/\/famicord.lu\/fr\/pregnancy-zone-2\/troubles-de-la-grossesse\/eruption-cutanee","name":"\u00c9ruption cutan\u00e9e pendant la grossesse | FamiCord Suisse","isPartOf":{"@id":"https:\/\/famicord.lu\/fr#website"},"primaryImageOfPage":{"@id":"https:\/\/famicord.lu\/fr\/pregnancy-zone-2\/troubles-de-la-grossesse\/eruption-cutanee#primaryimage"},"image":{"@id":"https:\/\/famicord.lu\/fr\/pregnancy-zone-2\/troubles-de-la-grossesse\/eruption-cutanee#primaryimage"},"thumbnailUrl":"https:\/\/famicord.lu\/wp-content\/uploads\/2025\/04\/Ausschlag.webp","datePublished":"2025-05-15T07:30:00+00:00","dateModified":"2025-12-23T11:43:52+00:00","description":"Une \u00e9ruption cutan\u00e9e pendant la grossesse est souvent b\u00e9nigne. D\u00e9couvrez les causes, les formes courantes et quand consulter.","breadcrumb":{"@id":"https:\/\/famicord.lu\/fr\/pregnancy-zone-2\/troubles-de-la-grossesse\/eruption-cutanee#breadcrumb"},"inLanguage":"fr-LU","potentialAction":[{"@type":"ReadAction","target":["https:\/\/famicord.lu\/fr\/pregnancy-zone-2\/troubles-de-la-grossesse\/eruption-cutanee"]}]},{"@type":"ImageObject","inLanguage":"fr-LU","@id":"https:\/\/famicord.lu\/fr\/pregnancy-zone-2\/troubles-de-la-grossesse\/eruption-cutanee#primaryimage","url":"https:\/\/famicord.lu\/wp-content\/uploads\/2025\/04\/Ausschlag.webp","contentUrl":"https:\/\/famicord.lu\/wp-content\/uploads\/2025\/04\/Ausschlag.webp","width":640,"height":427},{"@type":"BreadcrumbList","@id":"https:\/\/famicord.lu\/fr\/pregnancy-zone-2\/troubles-de-la-grossesse\/eruption-cutanee#breadcrumb","itemListElement":[{"@type":"ListItem","position":1,"name":"Home","item":"https:\/\/famicord.lu\/fr"},{"@type":"ListItem","position":2,"name":"FamiBlog","item":"https:\/\/famicord.lu\/fr\/pregnancy-zone-2"},{"@type":"ListItem","position":3,"name":"\u00c9ruption cutan\u00e9e pendant la grossesse \u2013 un changement physiologique ou une maladie ?"}]},{"@type":"WebSite","@id":"https:\/\/famicord.lu\/fr#website","url":"https:\/\/famicord.lu\/fr","name":"FamiCord Suisse","description":"","potentialAction":[{"@type":"SearchAction","target":{"@type":"EntryPoint","urlTemplate":"https:\/\/famicord.lu\/fr?s={search_term_string}"},"query-input":{"@type":"PropertyValueSpecification","valueRequired":true,"valueName":"search_term_string"}}],"inLanguage":"fr-LU"}]}},"_links":{"self":[{"href":"https:\/\/famicord.lu\/fr\/wp-json\/wp\/v2\/pregnancy_zone\/8048","targetHints":{"allow":["GET"]}}],"collection":[{"href":"https:\/\/famicord.lu\/fr\/wp-json\/wp\/v2\/pregnancy_zone"}],"about":[{"href":"https:\/\/famicord.lu\/fr\/wp-json\/wp\/v2\/types\/pregnancy_zone"}],"author":[{"embeddable":true,"href":"https:\/\/famicord.lu\/fr\/wp-json\/wp\/v2\/users\/4"}],"wp:featuredmedia":[{"embeddable":true,"href":"https:\/\/famicord.lu\/fr\/wp-json\/wp\/v2\/media\/8046"}],"wp:attachment":[{"href":"https:\/\/famicord.lu\/fr\/wp-json\/wp\/v2\/media?parent=8048"}],"wp:term":[{"taxonomy":"pregnancy_zone_category","embeddable":true,"href":"https:\/\/famicord.lu\/fr\/wp-json\/wp\/v2\/pregnancy_zone_category?post=8048"}],"curies":[{"name":"wp","href":"https:\/\/api.w.org\/{rel}","templated":true}]}}