{"id":5936,"date":"2023-08-16T07:53:35","date_gmt":"2023-08-16T05:53:35","guid":{"rendered":"https:\/\/wordpress-famicord-ch.empressia.dev\/pregnancy-zone-2\/%pregnancy_zone_category%\/stillen-mit-schlupfwarzen"},"modified":"2026-01-09T11:28:44","modified_gmt":"2026-01-09T10:28:44","slug":"stillen-mit-schlupfwarzen","status":"publish","type":"pregnancy_zone","link":"https:\/\/famicord.lu\/fr\/pregnancy-zone-2\/informations-sur-la-grossesse\/stillen-mit-schlupfwarzen","title":{"rendered":"Allaiter avec des mamelons creux"},"content":{"rendered":"<h2>Les mamelons ombiliqu\u00e9s emp\u00eachent-ils l&#8217;allaitement ?<\/h2>\n<p>Les seins sont compos\u00e9s de tissu glandulaire et de tissu adipeux. Dans les seins volumineux, le tissu adipeux pr\u00e9domine souvent, tandis que le tissu glandulaire est responsable de la lactation. Sa quantit\u00e9 dans les seins est comparable chez chaque femme. C&#8217;est la raison pour laquelle il est possible de nourrir efficacement le b\u00e9b\u00e9 malgr\u00e9 de petits seins. En ce qui concerne le mamelon, plus il est plat, plus il peut \u00eatre difficile pour un nouveau-n\u00e9 de l&#8217;attraper et de le t\u00e9ter correctement. Les pr\u00e9matur\u00e9s qui n&#8217;ont pas encore un r\u00e9flexe de succion d\u00e9velopp\u00e9 peuvent rencontrer des difficult\u00e9s particuli\u00e8res. Il existe n\u00e9anmoins des possibilit\u00e9s d&#8217;allaiter malgr\u00e9 des mamelons plats ou creux. Il est \u00e9galement important de savoir que les seins augmentent de taille pendant la grossesse et apr\u00e8s l&#8217;accouchement en raison de la multiplication du tissu glandulaire. Cela signifie que m\u00eame les femmes qui avaient de petits seins avant la grossesse peuvent allaiter leur enfant avec succ\u00e8s par la suite.<\/p>\n<h2>Mamelons creux vs. coussinets d&#8217;allaitement<\/h2>\n<p>Les coussinets d&#8217;allaitement sp\u00e9ciaux sont une solution utilis\u00e9e par les m\u00e8res dont les mamelons sont plats ou creux. Ceux-ci ne sont toutefois pas recommand\u00e9s pour toutes les femmes et ne doivent \u00eatre utilis\u00e9s qu&#8217;en cas de besoin. Ils peuvent entra\u00eener des troubles de la succion chez le b\u00e9b\u00e9 et \u00e9galement une vidange incompl\u00e8te du sein, ce qui peut avoir des cons\u00e9quences n\u00e9gatives sur l&#8217;allaitement. N\u00e9anmoins, ils sont recommand\u00e9s pour les femmes ayant des mamelons plats et creux, car ils permettent \u00e0 la m\u00e8re d&#8217;allaiter, ce qui serait beaucoup plus difficile sans eux.<\/p>\n<h2>Nourrir le b\u00e9b\u00e9 et les mamelons creux<\/h2>\n<p>Le lait maternel est consid\u00e9r\u00e9 comme le meilleur aliment pour un b\u00e9b\u00e9 jusqu&#8217;\u00e0 l&#8217;\u00e2ge d&#8217;au moins six mois. Il ne vaut donc pas la peine d&#8217;arr\u00eater d&#8217;allaiter simplement parce que les mamelons sont creux. En plus des coussinets d&#8217;allaitement d\u00e9j\u00e0 mentionn\u00e9s, un tire-lait peut \u00eatre utile. Le tire-lait a souvent une force d&#8217;aspiration plus forte que le b\u00e9b\u00e9, ce qui permet d&#8217;extraire du lait malgr\u00e9 les mamelons tombants. En outre, il est utile de demander conseil \u00e0 une conseill\u00e8re en allaitement qui vous indiquera les positions d&#8217;allaitement les plus confortables et les plus avantageuses et qui \u00e9valuera le r\u00e9flexe de succion de votre b\u00e9b\u00e9 ainsi que la prise du sein.<\/p>\n","protected":false},"excerpt":{"rendered":"<p>L&#8217;allaitement est le mode d&#8217;alimentation recommand\u00e9 par l&#8217;OMS pour les nourrissons pendant au moins les six premiers mois de leur vie. Pendant la grossesse, les seins se modifient en pr\u00e9vision de l&#8217;allaitement. Les mamelons creux ou les petits seins emp\u00eachent-ils l&#8217;allaitement ?<\/p>\n","protected":false},"author":2,"featured_media":5132,"template":"","pregnancy_zone_category":[91],"class_list":["post-5936","pregnancy_zone","type-pregnancy_zone","status-publish","has-post-thumbnail","hentry","pregnancy_zone_category-informations-sur-la-grossesse"],"acf":[],"yoast_head":"<!-- This site is optimized with the Yoast SEO plugin v27.3 - https:\/\/yoast.com\/product\/yoast-seo-wordpress\/ -->\n<title>Allaitement et mamelons ombiliqu\u00e9s | FamiCord<\/title>\n<meta name=\"description\" content=\"Les mamelons ombiliqu\u00e9s emp\u00eachent-ils l\u2019allaitement ? Solutions pratiques et conseils pour allaiter avec succ\u00e8s.\" \/>\n<meta name=\"robots\" content=\"index, follow, max-snippet:-1, max-image-preview:large, max-video-preview:-1\" \/>\n<link rel=\"canonical\" href=\"https:\/\/famicord.lu\/fr\/pregnancy-zone-2\/informations-sur-la-grossesse\/stillen-mit-schlupfwarzen\" \/>\n<meta property=\"og:locale\" content=\"fr_FR\" \/>\n<meta property=\"og:type\" content=\"article\" \/>\n<meta property=\"og:title\" content=\"Allaitement et mamelons ombiliqu\u00e9s | FamiCord\" \/>\n<meta property=\"og:description\" content=\"Les mamelons ombiliqu\u00e9s emp\u00eachent-ils l\u2019allaitement ? Solutions pratiques et conseils pour allaiter avec succ\u00e8s.\" \/>\n<meta property=\"og:url\" content=\"https:\/\/famicord.lu\/fr\/pregnancy-zone-2\/informations-sur-la-grossesse\/stillen-mit-schlupfwarzen\" \/>\n<meta property=\"og:site_name\" content=\"Famicord Suisse\" \/>\n<meta property=\"article:modified_time\" content=\"2026-01-09T10:28:44+00:00\" \/>\n<meta property=\"og:image\" content=\"https:\/\/famicord.lu\/wp-content\/uploads\/2024\/08\/Schlupfwarzen.jpg\" \/>\n\t<meta property=\"og:image:width\" content=\"1104\" \/>\n\t<meta property=\"og:image:height\" content=\"737\" \/>\n\t<meta property=\"og:image:type\" content=\"image\/webp\" \/>\n<meta name=\"twitter:card\" content=\"summary_large_image\" \/>\n<meta name=\"twitter:label1\" content=\"Est. reading time\" \/>\n\t<meta name=\"twitter:data1\" content=\"3 minutes\" \/>\n<script type=\"application\/ld+json\" class=\"yoast-schema-graph\">{\"@context\":\"https:\\\/\\\/schema.org\",\"@graph\":[{\"@type\":\"WebPage\",\"@id\":\"https:\\\/\\\/famicord.lu\\\/fr\\\/pregnancy-zone-2\\\/informations-sur-la-grossesse\\\/stillen-mit-schlupfwarzen\",\"url\":\"https:\\\/\\\/famicord.lu\\\/fr\\\/pregnancy-zone-2\\\/informations-sur-la-grossesse\\\/stillen-mit-schlupfwarzen\",\"name\":\"Allaitement et mamelons ombiliqu\u00e9s | FamiCord\",\"isPartOf\":{\"@id\":\"https:\\\/\\\/famicord.lu\\\/fr#website\"},\"primaryImageOfPage\":{\"@id\":\"https:\\\/\\\/famicord.lu\\\/fr\\\/pregnancy-zone-2\\\/informations-sur-la-grossesse\\\/stillen-mit-schlupfwarzen#primaryimage\"},\"image\":{\"@id\":\"https:\\\/\\\/famicord.lu\\\/fr\\\/pregnancy-zone-2\\\/informations-sur-la-grossesse\\\/stillen-mit-schlupfwarzen#primaryimage\"},\"thumbnailUrl\":\"https:\\\/\\\/famicord.lu\\\/wp-content\\\/uploads\\\/2024\\\/08\\\/Schlupfwarzen.jpg\",\"datePublished\":\"2023-08-16T05:53:35+00:00\",\"dateModified\":\"2026-01-09T10:28:44+00:00\",\"description\":\"Les mamelons ombiliqu\u00e9s emp\u00eachent-ils l\u2019allaitement ? Solutions pratiques et conseils pour allaiter avec succ\u00e8s.\",\"breadcrumb\":{\"@id\":\"https:\\\/\\\/famicord.lu\\\/fr\\\/pregnancy-zone-2\\\/informations-sur-la-grossesse\\\/stillen-mit-schlupfwarzen#breadcrumb\"},\"inLanguage\":\"fr-LU\",\"potentialAction\":[{\"@type\":\"ReadAction\",\"target\":[\"https:\\\/\\\/famicord.lu\\\/fr\\\/pregnancy-zone-2\\\/informations-sur-la-grossesse\\\/stillen-mit-schlupfwarzen\"]}]},{\"@type\":\"ImageObject\",\"inLanguage\":\"fr-LU\",\"@id\":\"https:\\\/\\\/famicord.lu\\\/fr\\\/pregnancy-zone-2\\\/informations-sur-la-grossesse\\\/stillen-mit-schlupfwarzen#primaryimage\",\"url\":\"https:\\\/\\\/famicord.lu\\\/wp-content\\\/uploads\\\/2024\\\/08\\\/Schlupfwarzen.jpg\",\"contentUrl\":\"https:\\\/\\\/famicord.lu\\\/wp-content\\\/uploads\\\/2024\\\/08\\\/Schlupfwarzen.jpg\",\"width\":1104,\"height\":737},{\"@type\":\"BreadcrumbList\",\"@id\":\"https:\\\/\\\/famicord.lu\\\/fr\\\/pregnancy-zone-2\\\/informations-sur-la-grossesse\\\/stillen-mit-schlupfwarzen#breadcrumb\",\"itemListElement\":[{\"@type\":\"ListItem\",\"position\":1,\"name\":\"Home\",\"item\":\"https:\\\/\\\/famicord.lu\\\/fr\"},{\"@type\":\"ListItem\",\"position\":2,\"name\":\"FamiBlog\",\"item\":\"https:\\\/\\\/famicord.lu\\\/fr\\\/pregnancy-zone-2\"},{\"@type\":\"ListItem\",\"position\":3,\"name\":\"Allaiter avec des mamelons creux\"}]},{\"@type\":\"WebSite\",\"@id\":\"https:\\\/\\\/famicord.lu\\\/fr#website\",\"url\":\"https:\\\/\\\/famicord.lu\\\/fr\",\"name\":\"FamiCord Suisse\",\"description\":\"\",\"potentialAction\":[{\"@type\":\"SearchAction\",\"target\":{\"@type\":\"EntryPoint\",\"urlTemplate\":\"https:\\\/\\\/famicord.lu\\\/fr?s={search_term_string}\"},\"query-input\":{\"@type\":\"PropertyValueSpecification\",\"valueRequired\":true,\"valueName\":\"search_term_string\"}}],\"inLanguage\":\"fr-LU\"}]}<\/script>\n<!-- \/ Yoast SEO plugin. -->","yoast_head_json":{"title":"Allaitement et mamelons ombiliqu\u00e9s | FamiCord","description":"Les mamelons ombiliqu\u00e9s emp\u00eachent-ils l\u2019allaitement ? Solutions pratiques et conseils pour allaiter avec succ\u00e8s.","robots":{"index":"index","follow":"follow","max-snippet":"max-snippet:-1","max-image-preview":"max-image-preview:large","max-video-preview":"max-video-preview:-1"},"canonical":"https:\/\/famicord.lu\/fr\/pregnancy-zone-2\/informations-sur-la-grossesse\/stillen-mit-schlupfwarzen","og_locale":"fr_FR","og_type":"article","og_title":"Allaitement et mamelons ombiliqu\u00e9s | FamiCord","og_description":"Les mamelons ombiliqu\u00e9s emp\u00eachent-ils l\u2019allaitement ? Solutions pratiques et conseils pour allaiter avec succ\u00e8s.","og_url":"https:\/\/famicord.lu\/fr\/pregnancy-zone-2\/informations-sur-la-grossesse\/stillen-mit-schlupfwarzen","og_site_name":"Famicord Suisse","article_modified_time":"2026-01-09T10:28:44+00:00","og_image":[{"width":1104,"height":737,"url":"https:\/\/famicord.lu\/wp-content\/uploads\/2024\/08\/Schlupfwarzen.jpg","type":"image\/webp"}],"twitter_card":"summary_large_image","twitter_misc":{"Est. reading time":"3 minutes"},"schema":{"@context":"https:\/\/schema.org","@graph":[{"@type":"WebPage","@id":"https:\/\/famicord.lu\/fr\/pregnancy-zone-2\/informations-sur-la-grossesse\/stillen-mit-schlupfwarzen","url":"https:\/\/famicord.lu\/fr\/pregnancy-zone-2\/informations-sur-la-grossesse\/stillen-mit-schlupfwarzen","name":"Allaitement et mamelons ombiliqu\u00e9s | FamiCord","isPartOf":{"@id":"https:\/\/famicord.lu\/fr#website"},"primaryImageOfPage":{"@id":"https:\/\/famicord.lu\/fr\/pregnancy-zone-2\/informations-sur-la-grossesse\/stillen-mit-schlupfwarzen#primaryimage"},"image":{"@id":"https:\/\/famicord.lu\/fr\/pregnancy-zone-2\/informations-sur-la-grossesse\/stillen-mit-schlupfwarzen#primaryimage"},"thumbnailUrl":"https:\/\/famicord.lu\/wp-content\/uploads\/2024\/08\/Schlupfwarzen.jpg","datePublished":"2023-08-16T05:53:35+00:00","dateModified":"2026-01-09T10:28:44+00:00","description":"Les mamelons ombiliqu\u00e9s emp\u00eachent-ils l\u2019allaitement ? Solutions pratiques et conseils pour allaiter avec succ\u00e8s.","breadcrumb":{"@id":"https:\/\/famicord.lu\/fr\/pregnancy-zone-2\/informations-sur-la-grossesse\/stillen-mit-schlupfwarzen#breadcrumb"},"inLanguage":"fr-LU","potentialAction":[{"@type":"ReadAction","target":["https:\/\/famicord.lu\/fr\/pregnancy-zone-2\/informations-sur-la-grossesse\/stillen-mit-schlupfwarzen"]}]},{"@type":"ImageObject","inLanguage":"fr-LU","@id":"https:\/\/famicord.lu\/fr\/pregnancy-zone-2\/informations-sur-la-grossesse\/stillen-mit-schlupfwarzen#primaryimage","url":"https:\/\/famicord.lu\/wp-content\/uploads\/2024\/08\/Schlupfwarzen.jpg","contentUrl":"https:\/\/famicord.lu\/wp-content\/uploads\/2024\/08\/Schlupfwarzen.jpg","width":1104,"height":737},{"@type":"BreadcrumbList","@id":"https:\/\/famicord.lu\/fr\/pregnancy-zone-2\/informations-sur-la-grossesse\/stillen-mit-schlupfwarzen#breadcrumb","itemListElement":[{"@type":"ListItem","position":1,"name":"Home","item":"https:\/\/famicord.lu\/fr"},{"@type":"ListItem","position":2,"name":"FamiBlog","item":"https:\/\/famicord.lu\/fr\/pregnancy-zone-2"},{"@type":"ListItem","position":3,"name":"Allaiter avec des mamelons creux"}]},{"@type":"WebSite","@id":"https:\/\/famicord.lu\/fr#website","url":"https:\/\/famicord.lu\/fr","name":"FamiCord Suisse","description":"","potentialAction":[{"@type":"SearchAction","target":{"@type":"EntryPoint","urlTemplate":"https:\/\/famicord.lu\/fr?s={search_term_string}"},"query-input":{"@type":"PropertyValueSpecification","valueRequired":true,"valueName":"search_term_string"}}],"inLanguage":"fr-LU"}]}},"_links":{"self":[{"href":"https:\/\/famicord.lu\/fr\/wp-json\/wp\/v2\/pregnancy_zone\/5936","targetHints":{"allow":["GET"]}}],"collection":[{"href":"https:\/\/famicord.lu\/fr\/wp-json\/wp\/v2\/pregnancy_zone"}],"about":[{"href":"https:\/\/famicord.lu\/fr\/wp-json\/wp\/v2\/types\/pregnancy_zone"}],"author":[{"embeddable":true,"href":"https:\/\/famicord.lu\/fr\/wp-json\/wp\/v2\/users\/2"}],"wp:featuredmedia":[{"embeddable":true,"href":"https:\/\/famicord.lu\/fr\/wp-json\/wp\/v2\/media\/5132"}],"wp:attachment":[{"href":"https:\/\/famicord.lu\/fr\/wp-json\/wp\/v2\/media?parent=5936"}],"wp:term":[{"taxonomy":"pregnancy_zone_category","embeddable":true,"href":"https:\/\/famicord.lu\/fr\/wp-json\/wp\/v2\/pregnancy_zone_category?post=5936"}],"curies":[{"name":"wp","href":"https:\/\/api.w.org\/{rel}","templated":true}]}}