{"id":5917,"date":"2023-06-14T07:53:35","date_gmt":"2023-06-14T05:53:35","guid":{"rendered":"https:\/\/wordpress-famicord-ch.empressia.dev\/pregnancy-zone-2\/%pregnancy_zone_category%\/kraempfe-in-der-schwangerschaft"},"modified":"2026-01-12T16:08:55","modified_gmt":"2026-01-12T15:08:55","slug":"kraempfe-in-der-schwangerschaft","status":"publish","type":"pregnancy_zone","link":"https:\/\/famicord.lu\/fr\/pregnancy-zone-2\/troubles-de-la-grossesse\/kraempfe-in-der-schwangerschaft","title":{"rendered":"Crampes pendant la grossesse"},"content":{"rendered":"<h2>Crampes pendant la grossesse &#8211; quand surviennent-elles ?<\/h2>\n<p>Contrairement aux apparences, les contractions se produisent beaucoup plus t\u00f4t pendant la grossesse que lors de l&#8217;accouchement lui-m\u00eame. Chez certaines femmes, elles apparaissent d\u00e9j\u00e0 \u00e0 la 20e semaine de grossesse. Il s&#8217;agit g\u00e9n\u00e9ralement de contractions d&#8217;Alvarez et de Braxton-Hicks. Elles se produisent environ 1 \u00e0 2 fois par heure et se manifestent par un durcissement de l&#8217;abdomen.<\/p>\n<h2>Crampes avant la naissance<\/h2>\n<p>Les pr\u00e9-travail apparaissent normalement vers la 37e ou 38e semaine de grossesse. Elles servent \u00e0 pr\u00e9parer l&#8217;ut\u00e9rus aux v\u00e9ritables contractions de l&#8217;accouchement. Chez certaines femmes, elles sont si fortes qu&#8217;elles sont prises \u00e0 tort pour des contractions annon\u00e7ant l&#8217;accouchement imminent. Si les contractions se produisent plus t\u00f4t, il est toujours conseill\u00e9 de se rendre aux urgences afin d&#8217;exclure un \u00e9ventuel d\u00e9but d&#8217;accouchement pr\u00e9matur\u00e9.<\/p>\n<h2>Crampes pendant la grossesse &#8211; Contractions<\/h2>\n<p>Les contractions de l&#8217;accouchement sont de plus en plus fortes au fur et \u00e0 mesure qu&#8217;elles se produisent. Lorsqu&#8217;elles deviennent r\u00e9guli\u00e8res, il s&#8217;agit de la premi\u00e8re phase du travail. Elle dure jusqu&#8217;\u00e0 ce que le col de l&#8217;ut\u00e9rus soit compl\u00e8tement dilat\u00e9. C&#8217;est g\u00e9n\u00e9ralement \u00e0 ce moment-l\u00e0 que le travail commence pour mettre l&#8217;enfant au monde. La deuxi\u00e8me phase du travail dure dans la plupart des cas jusqu&#8217;\u00e0 deux heures. Il est toutefois important de savoir que les contractions ne s&#8217;arr\u00eatent pas \u00e0 la naissance de l&#8217;enfant, car elles sont n\u00e9cessaires \u00e0 la naissance du placenta.<\/p>\n<h2>Diff\u00e9rences entre les contractions de l&#8217;accouchement et les contractions pr\u00e9matur\u00e9es<\/h2>\n<p>Les contractions de l&#8217;accouchement sont diff\u00e9rentes des pr\u00e9-travail. L&#8217;une des principales diff\u00e9rences est que les contractions pr\u00e9coces s&#8217;att\u00e9nuent apr\u00e8s un certain temps, apr\u00e8s un bain chaud ou apr\u00e8s la prise de m\u00e9dicaments diastoliques. Les contractions pr\u00e9coces ne peuvent pas \u00eatre att\u00e9nu\u00e9es d&#8217;elles-m\u00eames. Cela n&#8217;est possible qu&#8217;\u00e0 l&#8217;aide de ce que l&#8217;on appelle la tocolyse, qui sert par exemple \u00e0 transf\u00e9rer la m\u00e8re dans un h\u00f4pital situ\u00e9 \u00e0 une altitude plus \u00e9lev\u00e9e ou \u00e0 administrer des st\u00e9ro\u00efdes afin d&#8217;acc\u00e9l\u00e9rer le d\u00e9veloppement des poumons du b\u00e9b\u00e9. Par ailleurs, les contractions augmentent en intensit\u00e9 au fur et \u00e0 mesure de l&#8217;accouchement.<\/p>\n<h2>Crampes pendant la grossesse &#8211; quand faut-il aller \u00e0 l&#8217;h\u00f4pital ?<\/h2>\n<p>Il n&#8217;y a aucune raison de se rendre imm\u00e9diatement \u00e0 l&#8217;h\u00f4pital lorsque les contractions commencent. Toutefois, si la future m\u00e8re se sent plus en s\u00e9curit\u00e9 sous la surveillance des m\u00e9decins et des sages-femmes, elle peut se rendre aux urgences d\u00e8s le d\u00e9but du travail. Il est \u00e9galement conseill\u00e9 de se faire examiner en cas de contractions r\u00e9guli\u00e8res survenant avant la 37e semaine ou plus t\u00f4t. En cas de saignements provenant de l&#8217;appareil g\u00e9nital, il faut toujours se rendre aux urgences. Il en va de m\u00eame si, outre les contractions, du liquide amniotique s&#8217;\u00e9coule. S&#8217;il s&#8217;agit d&#8217;une grossesse normale et que la future m\u00e8re ne souhaite pas se rendre \u00e0 l&#8217;h\u00f4pital d\u00e8s le d\u00e9but du travail, il est recommand\u00e9 de se rendre \u00e0 la salle de naissance lorsque les contractions se produisent r\u00e9guli\u00e8rement toutes les 7 \u00e0 10 minutes environ. Il est \u00e9galement important de garder \u00e0 l&#8217;esprit que tout autre accouchement peut se d\u00e9rouler plus rapidement, de sorte que les femmes qui accouchent plusieurs fois devraient se rendre \u00e0 l&#8217;h\u00f4pital plus t\u00f4t que celles qui accouchent pour la premi\u00e8re fois.<\/p>\n","protected":false},"excerpt":{"rendered":"<p>Les crampes de grossesse ne surviennent pas uniquement au moment de l&#8217;accouchement. Chez de nombreuses futures mamans, elles apparaissent bien plus t\u00f4t. Il est utile de conna\u00eetre les diff\u00e9rences entre les contractions avant la grossesse et les contractions pendant la grossesse. Quand faut-il aller \u00e0 l&#8217;h\u00f4pital ?<\/p>\n","protected":false},"author":2,"featured_media":5018,"template":"","pregnancy_zone_category":[90],"class_list":["post-5917","pregnancy_zone","type-pregnancy_zone","status-publish","has-post-thumbnail","hentry","pregnancy_zone_category-troubles-de-la-grossesse"],"acf":[],"yoast_head":"<!-- This site is optimized with the Yoast SEO plugin v27.3 - https:\/\/yoast.com\/product\/yoast-seo-wordpress\/ -->\n<title>Crampes pendant la grossesse | FamiCord<\/title>\n<meta name=\"description\" content=\"Crampes pendant la grossesse : fausses contractions, travail, diff\u00e9rences, sympt\u00f4mes et quand consulter \u00e0 l\u2019h\u00f4pital.\" \/>\n<meta name=\"robots\" content=\"index, follow, max-snippet:-1, max-image-preview:large, max-video-preview:-1\" \/>\n<link rel=\"canonical\" href=\"https:\/\/famicord.lu\/fr\/pregnancy-zone-2\/troubles-de-la-grossesse\/kraempfe-in-der-schwangerschaft\" \/>\n<meta property=\"og:locale\" content=\"fr_FR\" \/>\n<meta property=\"og:type\" content=\"article\" \/>\n<meta property=\"og:title\" content=\"Crampes pendant la grossesse | FamiCord\" \/>\n<meta property=\"og:description\" content=\"Crampes pendant la grossesse : fausses contractions, travail, diff\u00e9rences, sympt\u00f4mes et quand consulter \u00e0 l\u2019h\u00f4pital.\" \/>\n<meta property=\"og:url\" content=\"https:\/\/famicord.lu\/fr\/pregnancy-zone-2\/troubles-de-la-grossesse\/kraempfe-in-der-schwangerschaft\" \/>\n<meta property=\"og:site_name\" content=\"Famicord Suisse\" \/>\n<meta property=\"article:modified_time\" content=\"2026-01-12T15:08:55+00:00\" \/>\n<meta property=\"og:image\" content=\"https:\/\/famicord.lu\/wp-content\/uploads\/2024\/08\/Kraempfe.jpg\" \/>\n\t<meta property=\"og:image:width\" content=\"640\" \/>\n\t<meta property=\"og:image:height\" content=\"427\" \/>\n\t<meta property=\"og:image:type\" content=\"image\/webp\" \/>\n<meta name=\"twitter:card\" content=\"summary_large_image\" \/>\n<meta name=\"twitter:label1\" content=\"Est. reading time\" \/>\n\t<meta name=\"twitter:data1\" content=\"4 minutes\" \/>\n<script type=\"application\/ld+json\" class=\"yoast-schema-graph\">{\"@context\":\"https:\\\/\\\/schema.org\",\"@graph\":[{\"@type\":\"WebPage\",\"@id\":\"https:\\\/\\\/famicord.lu\\\/fr\\\/pregnancy-zone-2\\\/troubles-de-la-grossesse\\\/kraempfe-in-der-schwangerschaft\",\"url\":\"https:\\\/\\\/famicord.lu\\\/fr\\\/pregnancy-zone-2\\\/troubles-de-la-grossesse\\\/kraempfe-in-der-schwangerschaft\",\"name\":\"Crampes pendant la grossesse | FamiCord\",\"isPartOf\":{\"@id\":\"https:\\\/\\\/famicord.lu\\\/fr#website\"},\"primaryImageOfPage\":{\"@id\":\"https:\\\/\\\/famicord.lu\\\/fr\\\/pregnancy-zone-2\\\/troubles-de-la-grossesse\\\/kraempfe-in-der-schwangerschaft#primaryimage\"},\"image\":{\"@id\":\"https:\\\/\\\/famicord.lu\\\/fr\\\/pregnancy-zone-2\\\/troubles-de-la-grossesse\\\/kraempfe-in-der-schwangerschaft#primaryimage\"},\"thumbnailUrl\":\"https:\\\/\\\/famicord.lu\\\/wp-content\\\/uploads\\\/2024\\\/08\\\/Kraempfe.jpg\",\"datePublished\":\"2023-06-14T05:53:35+00:00\",\"dateModified\":\"2026-01-12T15:08:55+00:00\",\"description\":\"Crampes pendant la grossesse : fausses contractions, travail, diff\u00e9rences, sympt\u00f4mes et quand consulter \u00e0 l\u2019h\u00f4pital.\",\"breadcrumb\":{\"@id\":\"https:\\\/\\\/famicord.lu\\\/fr\\\/pregnancy-zone-2\\\/troubles-de-la-grossesse\\\/kraempfe-in-der-schwangerschaft#breadcrumb\"},\"inLanguage\":\"fr-LU\",\"potentialAction\":[{\"@type\":\"ReadAction\",\"target\":[\"https:\\\/\\\/famicord.lu\\\/fr\\\/pregnancy-zone-2\\\/troubles-de-la-grossesse\\\/kraempfe-in-der-schwangerschaft\"]}]},{\"@type\":\"ImageObject\",\"inLanguage\":\"fr-LU\",\"@id\":\"https:\\\/\\\/famicord.lu\\\/fr\\\/pregnancy-zone-2\\\/troubles-de-la-grossesse\\\/kraempfe-in-der-schwangerschaft#primaryimage\",\"url\":\"https:\\\/\\\/famicord.lu\\\/wp-content\\\/uploads\\\/2024\\\/08\\\/Kraempfe.jpg\",\"contentUrl\":\"https:\\\/\\\/famicord.lu\\\/wp-content\\\/uploads\\\/2024\\\/08\\\/Kraempfe.jpg\",\"width\":640,\"height\":427},{\"@type\":\"BreadcrumbList\",\"@id\":\"https:\\\/\\\/famicord.lu\\\/fr\\\/pregnancy-zone-2\\\/troubles-de-la-grossesse\\\/kraempfe-in-der-schwangerschaft#breadcrumb\",\"itemListElement\":[{\"@type\":\"ListItem\",\"position\":1,\"name\":\"Home\",\"item\":\"https:\\\/\\\/famicord.lu\\\/fr\"},{\"@type\":\"ListItem\",\"position\":2,\"name\":\"FamiBlog\",\"item\":\"https:\\\/\\\/famicord.lu\\\/fr\\\/pregnancy-zone-2\"},{\"@type\":\"ListItem\",\"position\":3,\"name\":\"Crampes pendant la grossesse\"}]},{\"@type\":\"WebSite\",\"@id\":\"https:\\\/\\\/famicord.lu\\\/fr#website\",\"url\":\"https:\\\/\\\/famicord.lu\\\/fr\",\"name\":\"FamiCord Suisse\",\"description\":\"\",\"potentialAction\":[{\"@type\":\"SearchAction\",\"target\":{\"@type\":\"EntryPoint\",\"urlTemplate\":\"https:\\\/\\\/famicord.lu\\\/fr?s={search_term_string}\"},\"query-input\":{\"@type\":\"PropertyValueSpecification\",\"valueRequired\":true,\"valueName\":\"search_term_string\"}}],\"inLanguage\":\"fr-LU\"}]}<\/script>\n<!-- \/ Yoast SEO plugin. -->","yoast_head_json":{"title":"Crampes pendant la grossesse | FamiCord","description":"Crampes pendant la grossesse : fausses contractions, travail, diff\u00e9rences, sympt\u00f4mes et quand consulter \u00e0 l\u2019h\u00f4pital.","robots":{"index":"index","follow":"follow","max-snippet":"max-snippet:-1","max-image-preview":"max-image-preview:large","max-video-preview":"max-video-preview:-1"},"canonical":"https:\/\/famicord.lu\/fr\/pregnancy-zone-2\/troubles-de-la-grossesse\/kraempfe-in-der-schwangerschaft","og_locale":"fr_FR","og_type":"article","og_title":"Crampes pendant la grossesse | FamiCord","og_description":"Crampes pendant la grossesse : fausses contractions, travail, diff\u00e9rences, sympt\u00f4mes et quand consulter \u00e0 l\u2019h\u00f4pital.","og_url":"https:\/\/famicord.lu\/fr\/pregnancy-zone-2\/troubles-de-la-grossesse\/kraempfe-in-der-schwangerschaft","og_site_name":"Famicord Suisse","article_modified_time":"2026-01-12T15:08:55+00:00","og_image":[{"width":640,"height":427,"url":"https:\/\/famicord.lu\/wp-content\/uploads\/2024\/08\/Kraempfe.jpg","type":"image\/webp"}],"twitter_card":"summary_large_image","twitter_misc":{"Est. reading time":"4 minutes"},"schema":{"@context":"https:\/\/schema.org","@graph":[{"@type":"WebPage","@id":"https:\/\/famicord.lu\/fr\/pregnancy-zone-2\/troubles-de-la-grossesse\/kraempfe-in-der-schwangerschaft","url":"https:\/\/famicord.lu\/fr\/pregnancy-zone-2\/troubles-de-la-grossesse\/kraempfe-in-der-schwangerschaft","name":"Crampes pendant la grossesse | FamiCord","isPartOf":{"@id":"https:\/\/famicord.lu\/fr#website"},"primaryImageOfPage":{"@id":"https:\/\/famicord.lu\/fr\/pregnancy-zone-2\/troubles-de-la-grossesse\/kraempfe-in-der-schwangerschaft#primaryimage"},"image":{"@id":"https:\/\/famicord.lu\/fr\/pregnancy-zone-2\/troubles-de-la-grossesse\/kraempfe-in-der-schwangerschaft#primaryimage"},"thumbnailUrl":"https:\/\/famicord.lu\/wp-content\/uploads\/2024\/08\/Kraempfe.jpg","datePublished":"2023-06-14T05:53:35+00:00","dateModified":"2026-01-12T15:08:55+00:00","description":"Crampes pendant la grossesse : fausses contractions, travail, diff\u00e9rences, sympt\u00f4mes et quand consulter \u00e0 l\u2019h\u00f4pital.","breadcrumb":{"@id":"https:\/\/famicord.lu\/fr\/pregnancy-zone-2\/troubles-de-la-grossesse\/kraempfe-in-der-schwangerschaft#breadcrumb"},"inLanguage":"fr-LU","potentialAction":[{"@type":"ReadAction","target":["https:\/\/famicord.lu\/fr\/pregnancy-zone-2\/troubles-de-la-grossesse\/kraempfe-in-der-schwangerschaft"]}]},{"@type":"ImageObject","inLanguage":"fr-LU","@id":"https:\/\/famicord.lu\/fr\/pregnancy-zone-2\/troubles-de-la-grossesse\/kraempfe-in-der-schwangerschaft#primaryimage","url":"https:\/\/famicord.lu\/wp-content\/uploads\/2024\/08\/Kraempfe.jpg","contentUrl":"https:\/\/famicord.lu\/wp-content\/uploads\/2024\/08\/Kraempfe.jpg","width":640,"height":427},{"@type":"BreadcrumbList","@id":"https:\/\/famicord.lu\/fr\/pregnancy-zone-2\/troubles-de-la-grossesse\/kraempfe-in-der-schwangerschaft#breadcrumb","itemListElement":[{"@type":"ListItem","position":1,"name":"Home","item":"https:\/\/famicord.lu\/fr"},{"@type":"ListItem","position":2,"name":"FamiBlog","item":"https:\/\/famicord.lu\/fr\/pregnancy-zone-2"},{"@type":"ListItem","position":3,"name":"Crampes pendant la grossesse"}]},{"@type":"WebSite","@id":"https:\/\/famicord.lu\/fr#website","url":"https:\/\/famicord.lu\/fr","name":"FamiCord Suisse","description":"","potentialAction":[{"@type":"SearchAction","target":{"@type":"EntryPoint","urlTemplate":"https:\/\/famicord.lu\/fr?s={search_term_string}"},"query-input":{"@type":"PropertyValueSpecification","valueRequired":true,"valueName":"search_term_string"}}],"inLanguage":"fr-LU"}]}},"_links":{"self":[{"href":"https:\/\/famicord.lu\/fr\/wp-json\/wp\/v2\/pregnancy_zone\/5917","targetHints":{"allow":["GET"]}}],"collection":[{"href":"https:\/\/famicord.lu\/fr\/wp-json\/wp\/v2\/pregnancy_zone"}],"about":[{"href":"https:\/\/famicord.lu\/fr\/wp-json\/wp\/v2\/types\/pregnancy_zone"}],"author":[{"embeddable":true,"href":"https:\/\/famicord.lu\/fr\/wp-json\/wp\/v2\/users\/2"}],"wp:featuredmedia":[{"embeddable":true,"href":"https:\/\/famicord.lu\/fr\/wp-json\/wp\/v2\/media\/5018"}],"wp:attachment":[{"href":"https:\/\/famicord.lu\/fr\/wp-json\/wp\/v2\/media?parent=5917"}],"wp:term":[{"taxonomy":"pregnancy_zone_category","embeddable":true,"href":"https:\/\/famicord.lu\/fr\/wp-json\/wp\/v2\/pregnancy_zone_category?post=5917"}],"curies":[{"name":"wp","href":"https:\/\/api.w.org\/{rel}","templated":true}]}}