{"id":5894,"date":"2023-03-08T08:53:35","date_gmt":"2023-03-08T07:53:35","guid":{"rendered":"https:\/\/wordpress-famicord-ch.empressia.dev\/pregnancy-zone-2\/%pregnancy_zone_category%\/dauer-der-schwangerschaft"},"modified":"2026-01-19T16:00:31","modified_gmt":"2026-01-19T15:00:31","slug":"dauer-der-schwangerschaft","status":"publish","type":"pregnancy_zone","link":"https:\/\/famicord.lu\/fr\/pregnancy-zone-2\/informations-sur-la-grossesse\/dauer-der-schwangerschaft","title":{"rendered":"Dur\u00e9e de la grossesse"},"content":{"rendered":"<h2>Quand parle-t-on de grossesse \u00e0 terme ?<\/h2>\n<p>Une grossesse normale dure 40 semaines selon les r\u00e8gles habituelles. C&#8217;est sur cette base que l&#8217;on calcule la date d&#8217;\u00e9ch\u00e9ance des derni\u00e8res r\u00e8gles. Au premier jour de leur dur\u00e9e, on ajoute 1 an selon la r\u00e8gle de Neagelli, on soustrait 3 mois et on ajoute 7 jours. Cela s&#8217;applique aux femmes qui ont eu des r\u00e8gles r\u00e9guli\u00e8res et dont le cycle a dur\u00e9 28 jours. Pour les cycles plus longs ou plus courts, un nombre de jours suppl\u00e9mentaires est ajout\u00e9 ou soustrait, selon le cas.<\/p>\n<p>Par d\u00e9finition, une grossesse \u00e0 terme dure 37 semaines. Cela signifie qu&#8217;\u00e0 la fin de la 37e semaine (connue sous le nom de 37+0), la grossesse est consid\u00e9r\u00e9e comme \u00e0 terme et que le b\u00e9b\u00e9 n&#8217;est pas consid\u00e9r\u00e9 comme pr\u00e9matur\u00e9 au moment de sa naissance. \u00c0 partir de ce moment, le nouveau-n\u00e9 ne risque plus les complications les plus graves li\u00e9es \u00e0 une naissance pr\u00e9matur\u00e9e. Dans certaines situations, il peut toutefois avoir besoin d&#8217;une assistance respiratoire ou de mesures m\u00e9dicales suppl\u00e9mentaires.<\/p>\n<h2>Dur\u00e9e de la grossesse &#8211; les signes avant-coureurs de l&#8217;accouchement<\/h2>\n<p>Bien que la dur\u00e9e calcul\u00e9e de la grossesse soit d\u00e9j\u00e0 \u00e9coul\u00e9e, la plupart des femmes accouchent dans les semaines qui suivent. Beaucoup accouchent apr\u00e8s la date estim\u00e9e d&#8217;accouchement, d\u00e9termin\u00e9e en fonction des r\u00e8gles ou de la longueur du si\u00e8ge vaginal \u00e0 l&#8217;\u00e9chographie du premier trimestre.<\/p>\n<p>Vers la fin de la grossesse, g\u00e9n\u00e9ralement \u00e0 partir de la 37e semaine, des sympt\u00f4mes annon\u00e7ant l&#8217;accouchement peuvent appara\u00eetre. Il s&#8217;agit entre autres de crampes devant le vagin, de douleurs dans les reins ou d&#8217;un abaissement caract\u00e9ristique de l&#8217;abdomen qui accompagne l&#8217;insertion du b\u00e9b\u00e9 dans le canal de naissance. En outre, d&#8217;autres sympt\u00f4mes peuvent appara\u00eetre, comme des vomissements, des diarrh\u00e9es ou le d\u00e9collement de la muqueuse. Ces sympt\u00f4mes ne signifient pas que la future m\u00e8re doit se rendre imm\u00e9diatement \u00e0 l&#8217;h\u00f4pital. Il est pr\u00e9f\u00e9rable de se rendre dans l&#8217;\u00e9tablissement choisi d\u00e8s que le liquide amniotique s&#8217;est \u00e9coul\u00e9, qu&#8217;une activit\u00e9 de travail r\u00e9guli\u00e8re a commenc\u00e9 ou que des sympt\u00f4mes inqui\u00e9tants tels que des saignements ou une diminution des mouvements du b\u00e9b\u00e9 apparaissent. Si la grossesse se d\u00e9roule normalement et que l&#8217;accouchement n&#8217;a pas encore commenc\u00e9 \u00e0 la 41e semaine, la plupart des h\u00f4pitaux adressent la femme \u00e0 la maternit\u00e9 pour d\u00e9clencher le travail.<\/p>\n<h2>Naissance pr\u00e9matur\u00e9e &#8211; Cons\u00e9quences<\/h2>\n<p>Pour les futurs parents et les gyn\u00e9cologues, l&#8217;objectif principal pendant la grossesse est de la prolonger le plus longtemps possible jusqu&#8217;\u00e0 la 40e semaine et, surtout, jusqu&#8217;au moment de l&#8217;accouchement, afin d&#8217;\u00e9viter les cons\u00e9quences d&#8217;une naissance pr\u00e9matur\u00e9e. Si la grossesse n&#8217;est pas men\u00e9e \u00e0 terme, le b\u00e9b\u00e9 risque de souffrir d&#8217;une s\u00e9rie de complications potentielles. Il s&#8217;agit notamment de la r\u00e9tinopathie du pr\u00e9matur\u00e9, de probl\u00e8mes respiratoires ainsi que d&#8217;une ent\u00e9rocolite n\u00e9crosante ou d&#8217;un canal art\u00e9riel persistant. Outre les cons\u00e9quences qui surviennent imm\u00e9diatement apr\u00e8s la naissance, les pr\u00e9matur\u00e9s doivent \u00e9galement faire face \u00e0 des complications dans les ann\u00e9es qui suivent.<\/p>\n","protected":false},"excerpt":{"rendered":"<p>Neuf mois est un terme de moins en moins utilis\u00e9 pour d\u00e9signer la dur\u00e9e de la grossesse. L&#8217;indication des semaines est beaucoup plus pr\u00e9cise. Cependant, tout le monde n&#8217;est pas conscient qu&#8217;un nombre relativement faible de grossesses se terminent \u00e0 la date fix\u00e9e. L&#8217;essentiel est que la grossesse soit men\u00e9e \u00e0 terme. D\u00e9couvrez quand on parle de grossesse men\u00e9e \u00e0 terme et ce que signifie un accouchement pr\u00e9matur\u00e9.<\/p>\n","protected":false},"author":2,"featured_media":4885,"template":"","pregnancy_zone_category":[91],"class_list":["post-5894","pregnancy_zone","type-pregnancy_zone","status-publish","has-post-thumbnail","hentry","pregnancy_zone_category-informations-sur-la-grossesse"],"acf":[],"yoast_head":"<!-- This site is optimized with the Yoast SEO plugin v27.3 - https:\/\/yoast.com\/product\/yoast-seo-wordpress\/ -->\n<title>Dur\u00e9e de la grossesse \u2013 quand est-elle \u00e0 terme ? | FamiCord<\/title>\n<meta name=\"description\" content=\"Quelle est la dur\u00e9e normale d\u2019une grossesse ? D\u00e9couvrez \u00e0 partir de quand une grossesse est consid\u00e9r\u00e9e comme \u00e0 terme.\" \/>\n<meta name=\"robots\" content=\"index, follow, max-snippet:-1, max-image-preview:large, max-video-preview:-1\" \/>\n<link rel=\"canonical\" href=\"https:\/\/famicord.lu\/fr\/pregnancy-zone-2\/informations-sur-la-grossesse\/dauer-der-schwangerschaft\" \/>\n<meta property=\"og:locale\" content=\"fr_FR\" \/>\n<meta property=\"og:type\" content=\"article\" \/>\n<meta property=\"og:title\" content=\"Dur\u00e9e de la grossesse \u2013 quand est-elle \u00e0 terme ? | FamiCord\" \/>\n<meta property=\"og:description\" content=\"Quelle est la dur\u00e9e normale d\u2019une grossesse ? D\u00e9couvrez \u00e0 partir de quand une grossesse est consid\u00e9r\u00e9e comme \u00e0 terme.\" \/>\n<meta property=\"og:url\" content=\"https:\/\/famicord.lu\/fr\/pregnancy-zone-2\/informations-sur-la-grossesse\/dauer-der-schwangerschaft\" \/>\n<meta property=\"og:site_name\" content=\"Famicord Suisse\" \/>\n<meta property=\"article:modified_time\" content=\"2026-01-19T15:00:31+00:00\" \/>\n<meta property=\"og:image\" content=\"https:\/\/famicord.lu\/wp-content\/uploads\/2024\/08\/Dauer.jpg\" \/>\n\t<meta property=\"og:image:width\" content=\"640\" \/>\n\t<meta property=\"og:image:height\" content=\"427\" \/>\n\t<meta property=\"og:image:type\" content=\"image\/webp\" \/>\n<meta name=\"twitter:card\" content=\"summary_large_image\" \/>\n<meta name=\"twitter:label1\" content=\"Est. reading time\" \/>\n\t<meta name=\"twitter:data1\" content=\"3 minutes\" \/>\n<script type=\"application\/ld+json\" class=\"yoast-schema-graph\">{\"@context\":\"https:\\\/\\\/schema.org\",\"@graph\":[{\"@type\":\"WebPage\",\"@id\":\"https:\\\/\\\/famicord.lu\\\/fr\\\/pregnancy-zone-2\\\/informations-sur-la-grossesse\\\/dauer-der-schwangerschaft\",\"url\":\"https:\\\/\\\/famicord.lu\\\/fr\\\/pregnancy-zone-2\\\/informations-sur-la-grossesse\\\/dauer-der-schwangerschaft\",\"name\":\"Dur\u00e9e de la grossesse \u2013 quand est-elle \u00e0 terme ? | FamiCord\",\"isPartOf\":{\"@id\":\"https:\\\/\\\/famicord.lu\\\/fr#website\"},\"primaryImageOfPage\":{\"@id\":\"https:\\\/\\\/famicord.lu\\\/fr\\\/pregnancy-zone-2\\\/informations-sur-la-grossesse\\\/dauer-der-schwangerschaft#primaryimage\"},\"image\":{\"@id\":\"https:\\\/\\\/famicord.lu\\\/fr\\\/pregnancy-zone-2\\\/informations-sur-la-grossesse\\\/dauer-der-schwangerschaft#primaryimage\"},\"thumbnailUrl\":\"https:\\\/\\\/famicord.lu\\\/wp-content\\\/uploads\\\/2024\\\/08\\\/Dauer.jpg\",\"datePublished\":\"2023-03-08T07:53:35+00:00\",\"dateModified\":\"2026-01-19T15:00:31+00:00\",\"description\":\"Quelle est la dur\u00e9e normale d\u2019une grossesse ? D\u00e9couvrez \u00e0 partir de quand une grossesse est consid\u00e9r\u00e9e comme \u00e0 terme.\",\"breadcrumb\":{\"@id\":\"https:\\\/\\\/famicord.lu\\\/fr\\\/pregnancy-zone-2\\\/informations-sur-la-grossesse\\\/dauer-der-schwangerschaft#breadcrumb\"},\"inLanguage\":\"fr-LU\",\"potentialAction\":[{\"@type\":\"ReadAction\",\"target\":[\"https:\\\/\\\/famicord.lu\\\/fr\\\/pregnancy-zone-2\\\/informations-sur-la-grossesse\\\/dauer-der-schwangerschaft\"]}]},{\"@type\":\"ImageObject\",\"inLanguage\":\"fr-LU\",\"@id\":\"https:\\\/\\\/famicord.lu\\\/fr\\\/pregnancy-zone-2\\\/informations-sur-la-grossesse\\\/dauer-der-schwangerschaft#primaryimage\",\"url\":\"https:\\\/\\\/famicord.lu\\\/wp-content\\\/uploads\\\/2024\\\/08\\\/Dauer.jpg\",\"contentUrl\":\"https:\\\/\\\/famicord.lu\\\/wp-content\\\/uploads\\\/2024\\\/08\\\/Dauer.jpg\",\"width\":640,\"height\":427},{\"@type\":\"BreadcrumbList\",\"@id\":\"https:\\\/\\\/famicord.lu\\\/fr\\\/pregnancy-zone-2\\\/informations-sur-la-grossesse\\\/dauer-der-schwangerschaft#breadcrumb\",\"itemListElement\":[{\"@type\":\"ListItem\",\"position\":1,\"name\":\"Home\",\"item\":\"https:\\\/\\\/famicord.lu\\\/fr\"},{\"@type\":\"ListItem\",\"position\":2,\"name\":\"FamiBlog\",\"item\":\"https:\\\/\\\/famicord.lu\\\/fr\\\/pregnancy-zone-2\"},{\"@type\":\"ListItem\",\"position\":3,\"name\":\"Dur\u00e9e de la grossesse\"}]},{\"@type\":\"WebSite\",\"@id\":\"https:\\\/\\\/famicord.lu\\\/fr#website\",\"url\":\"https:\\\/\\\/famicord.lu\\\/fr\",\"name\":\"FamiCord Suisse\",\"description\":\"\",\"potentialAction\":[{\"@type\":\"SearchAction\",\"target\":{\"@type\":\"EntryPoint\",\"urlTemplate\":\"https:\\\/\\\/famicord.lu\\\/fr?s={search_term_string}\"},\"query-input\":{\"@type\":\"PropertyValueSpecification\",\"valueRequired\":true,\"valueName\":\"search_term_string\"}}],\"inLanguage\":\"fr-LU\"}]}<\/script>\n<!-- \/ Yoast SEO plugin. -->","yoast_head_json":{"title":"Dur\u00e9e de la grossesse \u2013 quand est-elle \u00e0 terme ? | FamiCord","description":"Quelle est la dur\u00e9e normale d\u2019une grossesse ? D\u00e9couvrez \u00e0 partir de quand une grossesse est consid\u00e9r\u00e9e comme \u00e0 terme.","robots":{"index":"index","follow":"follow","max-snippet":"max-snippet:-1","max-image-preview":"max-image-preview:large","max-video-preview":"max-video-preview:-1"},"canonical":"https:\/\/famicord.lu\/fr\/pregnancy-zone-2\/informations-sur-la-grossesse\/dauer-der-schwangerschaft","og_locale":"fr_FR","og_type":"article","og_title":"Dur\u00e9e de la grossesse \u2013 quand est-elle \u00e0 terme ? | FamiCord","og_description":"Quelle est la dur\u00e9e normale d\u2019une grossesse ? D\u00e9couvrez \u00e0 partir de quand une grossesse est consid\u00e9r\u00e9e comme \u00e0 terme.","og_url":"https:\/\/famicord.lu\/fr\/pregnancy-zone-2\/informations-sur-la-grossesse\/dauer-der-schwangerschaft","og_site_name":"Famicord Suisse","article_modified_time":"2026-01-19T15:00:31+00:00","og_image":[{"width":640,"height":427,"url":"https:\/\/famicord.lu\/wp-content\/uploads\/2024\/08\/Dauer.jpg","type":"image\/webp"}],"twitter_card":"summary_large_image","twitter_misc":{"Est. reading time":"3 minutes"},"schema":{"@context":"https:\/\/schema.org","@graph":[{"@type":"WebPage","@id":"https:\/\/famicord.lu\/fr\/pregnancy-zone-2\/informations-sur-la-grossesse\/dauer-der-schwangerschaft","url":"https:\/\/famicord.lu\/fr\/pregnancy-zone-2\/informations-sur-la-grossesse\/dauer-der-schwangerschaft","name":"Dur\u00e9e de la grossesse \u2013 quand est-elle \u00e0 terme ? | FamiCord","isPartOf":{"@id":"https:\/\/famicord.lu\/fr#website"},"primaryImageOfPage":{"@id":"https:\/\/famicord.lu\/fr\/pregnancy-zone-2\/informations-sur-la-grossesse\/dauer-der-schwangerschaft#primaryimage"},"image":{"@id":"https:\/\/famicord.lu\/fr\/pregnancy-zone-2\/informations-sur-la-grossesse\/dauer-der-schwangerschaft#primaryimage"},"thumbnailUrl":"https:\/\/famicord.lu\/wp-content\/uploads\/2024\/08\/Dauer.jpg","datePublished":"2023-03-08T07:53:35+00:00","dateModified":"2026-01-19T15:00:31+00:00","description":"Quelle est la dur\u00e9e normale d\u2019une grossesse ? D\u00e9couvrez \u00e0 partir de quand une grossesse est consid\u00e9r\u00e9e comme \u00e0 terme.","breadcrumb":{"@id":"https:\/\/famicord.lu\/fr\/pregnancy-zone-2\/informations-sur-la-grossesse\/dauer-der-schwangerschaft#breadcrumb"},"inLanguage":"fr-LU","potentialAction":[{"@type":"ReadAction","target":["https:\/\/famicord.lu\/fr\/pregnancy-zone-2\/informations-sur-la-grossesse\/dauer-der-schwangerschaft"]}]},{"@type":"ImageObject","inLanguage":"fr-LU","@id":"https:\/\/famicord.lu\/fr\/pregnancy-zone-2\/informations-sur-la-grossesse\/dauer-der-schwangerschaft#primaryimage","url":"https:\/\/famicord.lu\/wp-content\/uploads\/2024\/08\/Dauer.jpg","contentUrl":"https:\/\/famicord.lu\/wp-content\/uploads\/2024\/08\/Dauer.jpg","width":640,"height":427},{"@type":"BreadcrumbList","@id":"https:\/\/famicord.lu\/fr\/pregnancy-zone-2\/informations-sur-la-grossesse\/dauer-der-schwangerschaft#breadcrumb","itemListElement":[{"@type":"ListItem","position":1,"name":"Home","item":"https:\/\/famicord.lu\/fr"},{"@type":"ListItem","position":2,"name":"FamiBlog","item":"https:\/\/famicord.lu\/fr\/pregnancy-zone-2"},{"@type":"ListItem","position":3,"name":"Dur\u00e9e de la grossesse"}]},{"@type":"WebSite","@id":"https:\/\/famicord.lu\/fr#website","url":"https:\/\/famicord.lu\/fr","name":"FamiCord Suisse","description":"","potentialAction":[{"@type":"SearchAction","target":{"@type":"EntryPoint","urlTemplate":"https:\/\/famicord.lu\/fr?s={search_term_string}"},"query-input":{"@type":"PropertyValueSpecification","valueRequired":true,"valueName":"search_term_string"}}],"inLanguage":"fr-LU"}]}},"_links":{"self":[{"href":"https:\/\/famicord.lu\/fr\/wp-json\/wp\/v2\/pregnancy_zone\/5894","targetHints":{"allow":["GET"]}}],"collection":[{"href":"https:\/\/famicord.lu\/fr\/wp-json\/wp\/v2\/pregnancy_zone"}],"about":[{"href":"https:\/\/famicord.lu\/fr\/wp-json\/wp\/v2\/types\/pregnancy_zone"}],"author":[{"embeddable":true,"href":"https:\/\/famicord.lu\/fr\/wp-json\/wp\/v2\/users\/2"}],"wp:featuredmedia":[{"embeddable":true,"href":"https:\/\/famicord.lu\/fr\/wp-json\/wp\/v2\/media\/4885"}],"wp:attachment":[{"href":"https:\/\/famicord.lu\/fr\/wp-json\/wp\/v2\/media?parent=5894"}],"wp:term":[{"taxonomy":"pregnancy_zone_category","embeddable":true,"href":"https:\/\/famicord.lu\/fr\/wp-json\/wp\/v2\/pregnancy_zone_category?post=5894"}],"curies":[{"name":"wp","href":"https:\/\/api.w.org\/{rel}","templated":true}]}}