{"id":5889,"date":"2023-01-25T08:53:35","date_gmt":"2023-01-25T07:53:35","guid":{"rendered":"https:\/\/wordpress-famicord-ch.empressia.dev\/pregnancy-zone-2\/%pregnancy_zone_category%\/adas-geschichte-therapie-fuer-zerebrale-laehmungen"},"modified":"2026-01-21T13:34:47","modified_gmt":"2026-01-21T12:34:47","slug":"adas-geschichte-therapie-fuer-zerebrale-laehmungen","status":"publish","type":"pregnancy_zone","link":"https:\/\/famicord.lu\/fr\/pregnancy-zone-2\/informations-sur-la-grossesse\/adas-geschichte-therapie-fuer-zerebrale-laehmungen","title":{"rendered":"L&#8217;histoire d&#8217;Ada &#8211; Th\u00e9rapie de la paralysie c\u00e9r\u00e9brale"},"content":{"rendered":"<h2>Paralysie c\u00e9r\u00e9brale &#8211; quelle est la nature de cette maladie?<\/h2>\n<p>La paralysie c\u00e9r\u00e9brale est un terme assez large qui d\u00e9signe les maladies associ\u00e9es \u00e0 des dysfonctionnements du cerveau chez l&#8217;enfant, dus notamment \u00e0 des ant\u00e9c\u00e9dents d&#8217;isch\u00e9mie ou d&#8217;hypoxie, ainsi qu&#8217;\u00e0 un traumatisme. L&#8217;\u00e9l\u00e9ment commun est la limitation des mouvements. Les sympt\u00f4mes de la paralysie c\u00e9r\u00e9brale sont li\u00e9s \u00e0 la perte de tissu c\u00e9r\u00e9bral et peuvent varier d&#8217;un cas \u00e0 l&#8217;autre. Toutefois, dans la plupart des cas, les parents constatent des anomalies dans le d\u00e9veloppement de leur enfant. Le traitement de la paralysie c\u00e9r\u00e9brale est symptomatique et individuel, mais il repose notamment sur une r\u00e9\u00e9ducation intensive qui, associ\u00e9e \u00e0 la plasticit\u00e9 du cerveau de l&#8217;enfant, permet d&#8217;obtenir les meilleurs r\u00e9sultats.<\/p>\n<h2>Comment l&#8217;histoire d&#8217;Ada a-t-elle commenc\u00e9?<\/h2>\n<p>Ada a obtenu 10 points sur l&#8217;\u00e9chelle d&#8217;Apgar \u00e0 la naissance. La grossesse s&#8217;est \u00e9galement d\u00e9roul\u00e9e sans complications. Au d\u00e9but, les parents n&#8217;ont rien remarqu\u00e9 d&#8217;inqui\u00e9tant. Les premiers sympt\u00f4mes sont toutefois apparus vers le sixi\u00e8me mois de vie. Les parents ont surtout remarqu\u00e9 qu&#8217;Ada avait des difficult\u00e9s \u00e0 saisir des objets de la main droite. Au cours du diagnostic et de l&#8217;\u00e9chographie transpupillaire, il est apparu clairement que des l\u00e9sions \u00e9taient pr\u00e9sentes dans le cerveau de la fillette. Leur \u00e9tiologie \u00e9tait tr\u00e8s probablement isch\u00e9mique. Cela signifie qu&#8217;Ada a \u00e9t\u00e9 victime d&#8217;un accident vasculaire c\u00e9r\u00e9bral au cours des premi\u00e8res semaines ou des premiers mois de sa vie. En cons\u00e9quence, elle a d\u00e9velopp\u00e9 des sympt\u00f4mes de paralysie c\u00e9r\u00e9brale. Le sympt\u00f4me le plus probl\u00e9matique li\u00e9 \u00e0 la maladie \u00e9tait la difficult\u00e9 \u00e0 effectuer des mouvements pr\u00e9cis de la main droite. Ada avait \u00e9galement des difficult\u00e9s \u00e0 marcher et \u00e0 parler.<\/p>\n<h2>Le traitement d&#8217;Ada<\/h2>\n<p>Les parents, qui voyaient des probl\u00e8mes dans le d\u00e9veloppement normal de la fillette, ont d\u00e9cid\u00e9 de trouver une th\u00e9rapie et un traitement efficaces. L&#8217;opportunit\u00e9 d&#8217;am\u00e9liorer la sant\u00e9 de leur enfant semblait \u00eatre le sang de cordon ombilical recueilli \u00e0 la naissance et les cellules souches qui en sont issues. Les parents ont trouv\u00e9 un centre de premier plan pour la transplantation de cellules souches et la recherche associ\u00e9e \u00e0 l&#8217;universit\u00e9 de Duke. En collaboration avec PBKM, les parents ont pris contact avec les m\u00e9decins, le mat\u00e9riel stock\u00e9 a \u00e9t\u00e9 envoy\u00e9 aux \u00c9tats-Unis et Ada, alors \u00e2g\u00e9e de deux ans, et ses parents se sont rendus \u00e0 la clinique. L\u00e0, apr\u00e8s un examen et un entretien m\u00e9dical d&#8217;une journ\u00e9e, la fillette a re\u00e7u une transplantation de ses propres cellules souches issues du sang de cordon ombilical. Aucune pr\u00e9paration particuli\u00e8re de l&#8217;enfant n&#8217;a \u00e9t\u00e9 n\u00e9cessaire. L&#8217;intervention s&#8217;est d\u00e9roul\u00e9e sans complications et la fillette a pu quitter l&#8217;h\u00f4pital le jour m\u00eame.<\/p>\n<h2>Effets de la th\u00e9rapie par cellules souches<\/h2>\n<p>Les parents ont remarqu\u00e9 les premiers effets de la th\u00e9rapie par cellules souches sur Ada quelques jours apr\u00e8s la transplantation. La fillette \u00e9tait capable d&#8217;ouvrir seule l&#8217;armoire avec sa main droite, qui \u00e9tait auparavant totalement inop\u00e9rante. Pour les parents, l&#8217;effet du traitement par cellules souches, associ\u00e9 \u00e0 une r\u00e9\u00e9ducation r\u00e9guli\u00e8re, a \u00e9t\u00e9 spectaculaire. La fillette va maintenant \u00e0 l&#8217;\u00e9cole maternelle, joue avec des enfants de son \u00e2ge et les dommages caus\u00e9s par l&#8217;AVC n&#8217;affectent pas vraiment sa vie quotidienne.<\/p>\n<h2>Cellules souches et paralysie c\u00e9r\u00e9brale<\/h2>\n<p>L&#8217;\u00e9quipe de chercheurs de l&#8217;Universit\u00e9 Duke, dirig\u00e9e par Joanne Kurtzberg, o\u00f9 la transplantation a \u00e9t\u00e9 r\u00e9alis\u00e9e sur Ada, est constamment \u00e0 la recherche de la m\u00e9thode optimale et la plus efficace d&#8217;utilisation des cellules souches dans le traitement de la paralysie c\u00e9r\u00e9brale. Dans les \u00e9tudes publi\u00e9es jusqu&#8217;\u00e0 pr\u00e9sent, les sp\u00e9cialistes soulignent les effets de la th\u00e9rapie en termes d&#8217;am\u00e9lioration de la fonction motrice des patients par rapport aux th\u00e9rapies classiques. En outre, il est extr\u00eamement important que, dans le cas de la paralysie c\u00e9r\u00e9brale, m\u00eame les plus petits effets du traitement soient tr\u00e8s importants et perceptibles pour les parents. Gr\u00e2ce \u00e0 eux, l&#8217;enfant est capable de saisir un objet ou de serrer une main de mani\u00e8re autonome. L&#8217;am\u00e9lioration d&#8217;un enfant atteint de paralysie c\u00e9r\u00e9brale infantile se compose de nombreux facteurs, tels que l&#8217;\u00e9tat initial, une bonne et minutieuse r\u00e9\u00e9ducation, mais aussi les th\u00e9rapies les plus r\u00e9centes, dont le traitement avec les propres cellules souches de l&#8217;enfant issues du sang et du cordon ombilicaux. On n&#8217;a la chance de recueillir ces cellules souches qu&#8217;une seule fois dans sa vie, \u00e0 la naissance. Cela ne vaut pas la peine de les gaspiller.<\/p>\n","protected":false},"excerpt":{"rendered":"<p>La paralysie c\u00e9r\u00e9brale touche environ 2 enfants sur 1&#8217;000. Les sympt\u00f4mes de la maladie sont vari\u00e9s, mais dans la plupart des cas, ils affectent le d\u00e9veloppement et le fonctionnement normaux. L&#8217;histoire d&#8217;Ada montre qu&#8217;une d\u00e9cision prise \u00e0 la naissance peut parfois influencer toute une vie.<\/p>\n","protected":false},"author":2,"featured_media":4855,"template":"","pregnancy_zone_category":[91],"class_list":["post-5889","pregnancy_zone","type-pregnancy_zone","status-publish","has-post-thumbnail","hentry","pregnancy_zone_category-informations-sur-la-grossesse"],"acf":[],"yoast_head":"<!-- This site is optimized with the Yoast SEO plugin v27.3 - https:\/\/yoast.com\/product\/yoast-seo-wordpress\/ -->\n<title>Histoire d\u2019Ada : cellules souches et paralysie c\u00e9r\u00e9brale | FamiCord<\/title>\n<meta name=\"description\" content=\"Paralysie c\u00e9r\u00e9brale : l\u2019histoire d\u2019Ada montre les effets des cellules souches du sang de cordon associ\u00e9es \u00e0 la r\u00e9\u00e9ducation.\" \/>\n<meta name=\"robots\" content=\"index, follow, max-snippet:-1, max-image-preview:large, max-video-preview:-1\" \/>\n<link rel=\"canonical\" href=\"https:\/\/famicord.lu\/fr\/pregnancy-zone-2\/informations-sur-la-grossesse\/adas-geschichte-therapie-fuer-zerebrale-laehmungen\" \/>\n<meta property=\"og:locale\" content=\"fr_FR\" \/>\n<meta property=\"og:type\" content=\"article\" \/>\n<meta property=\"og:title\" content=\"Histoire d\u2019Ada : cellules souches et paralysie c\u00e9r\u00e9brale | FamiCord\" \/>\n<meta property=\"og:description\" content=\"Paralysie c\u00e9r\u00e9brale : l\u2019histoire d\u2019Ada montre les effets des cellules souches du sang de cordon associ\u00e9es \u00e0 la r\u00e9\u00e9ducation.\" \/>\n<meta property=\"og:url\" content=\"https:\/\/famicord.lu\/fr\/pregnancy-zone-2\/informations-sur-la-grossesse\/adas-geschichte-therapie-fuer-zerebrale-laehmungen\" \/>\n<meta property=\"og:site_name\" content=\"Famicord Suisse\" \/>\n<meta property=\"article:modified_time\" content=\"2026-01-21T12:34:47+00:00\" \/>\n<meta property=\"og:image\" content=\"https:\/\/famicord.lu\/wp-content\/uploads\/2024\/08\/Ada.jpg\" \/>\n\t<meta property=\"og:image:width\" content=\"1920\" \/>\n\t<meta property=\"og:image:height\" content=\"1080\" \/>\n\t<meta property=\"og:image:type\" content=\"image\/webp\" \/>\n<meta name=\"twitter:card\" content=\"summary_large_image\" \/>\n<meta name=\"twitter:label1\" content=\"Est. reading time\" \/>\n\t<meta name=\"twitter:data1\" content=\"5 minutes\" \/>\n<script type=\"application\/ld+json\" class=\"yoast-schema-graph\">{\"@context\":\"https:\\\/\\\/schema.org\",\"@graph\":[{\"@type\":\"WebPage\",\"@id\":\"https:\\\/\\\/famicord.lu\\\/fr\\\/pregnancy-zone-2\\\/informations-sur-la-grossesse\\\/adas-geschichte-therapie-fuer-zerebrale-laehmungen\",\"url\":\"https:\\\/\\\/famicord.lu\\\/fr\\\/pregnancy-zone-2\\\/informations-sur-la-grossesse\\\/adas-geschichte-therapie-fuer-zerebrale-laehmungen\",\"name\":\"Histoire d\u2019Ada : cellules souches et paralysie c\u00e9r\u00e9brale | FamiCord\",\"isPartOf\":{\"@id\":\"https:\\\/\\\/famicord.lu\\\/fr#website\"},\"primaryImageOfPage\":{\"@id\":\"https:\\\/\\\/famicord.lu\\\/fr\\\/pregnancy-zone-2\\\/informations-sur-la-grossesse\\\/adas-geschichte-therapie-fuer-zerebrale-laehmungen#primaryimage\"},\"image\":{\"@id\":\"https:\\\/\\\/famicord.lu\\\/fr\\\/pregnancy-zone-2\\\/informations-sur-la-grossesse\\\/adas-geschichte-therapie-fuer-zerebrale-laehmungen#primaryimage\"},\"thumbnailUrl\":\"https:\\\/\\\/famicord.lu\\\/wp-content\\\/uploads\\\/2024\\\/08\\\/Ada.jpg\",\"datePublished\":\"2023-01-25T07:53:35+00:00\",\"dateModified\":\"2026-01-21T12:34:47+00:00\",\"description\":\"Paralysie c\u00e9r\u00e9brale : l\u2019histoire d\u2019Ada montre les effets des cellules souches du sang de cordon associ\u00e9es \u00e0 la r\u00e9\u00e9ducation.\",\"breadcrumb\":{\"@id\":\"https:\\\/\\\/famicord.lu\\\/fr\\\/pregnancy-zone-2\\\/informations-sur-la-grossesse\\\/adas-geschichte-therapie-fuer-zerebrale-laehmungen#breadcrumb\"},\"inLanguage\":\"fr-LU\",\"potentialAction\":[{\"@type\":\"ReadAction\",\"target\":[\"https:\\\/\\\/famicord.lu\\\/fr\\\/pregnancy-zone-2\\\/informations-sur-la-grossesse\\\/adas-geschichte-therapie-fuer-zerebrale-laehmungen\"]}]},{\"@type\":\"ImageObject\",\"inLanguage\":\"fr-LU\",\"@id\":\"https:\\\/\\\/famicord.lu\\\/fr\\\/pregnancy-zone-2\\\/informations-sur-la-grossesse\\\/adas-geschichte-therapie-fuer-zerebrale-laehmungen#primaryimage\",\"url\":\"https:\\\/\\\/famicord.lu\\\/wp-content\\\/uploads\\\/2024\\\/08\\\/Ada.jpg\",\"contentUrl\":\"https:\\\/\\\/famicord.lu\\\/wp-content\\\/uploads\\\/2024\\\/08\\\/Ada.jpg\",\"width\":1920,\"height\":1080},{\"@type\":\"BreadcrumbList\",\"@id\":\"https:\\\/\\\/famicord.lu\\\/fr\\\/pregnancy-zone-2\\\/informations-sur-la-grossesse\\\/adas-geschichte-therapie-fuer-zerebrale-laehmungen#breadcrumb\",\"itemListElement\":[{\"@type\":\"ListItem\",\"position\":1,\"name\":\"Home\",\"item\":\"https:\\\/\\\/famicord.lu\\\/fr\"},{\"@type\":\"ListItem\",\"position\":2,\"name\":\"FamiBlog\",\"item\":\"https:\\\/\\\/famicord.lu\\\/fr\\\/pregnancy-zone-2\"},{\"@type\":\"ListItem\",\"position\":3,\"name\":\"L&#8217;histoire d&#8217;Ada &#8211; Th\u00e9rapie de la paralysie c\u00e9r\u00e9brale\"}]},{\"@type\":\"WebSite\",\"@id\":\"https:\\\/\\\/famicord.lu\\\/fr#website\",\"url\":\"https:\\\/\\\/famicord.lu\\\/fr\",\"name\":\"FamiCord Suisse\",\"description\":\"\",\"potentialAction\":[{\"@type\":\"SearchAction\",\"target\":{\"@type\":\"EntryPoint\",\"urlTemplate\":\"https:\\\/\\\/famicord.lu\\\/fr?s={search_term_string}\"},\"query-input\":{\"@type\":\"PropertyValueSpecification\",\"valueRequired\":true,\"valueName\":\"search_term_string\"}}],\"inLanguage\":\"fr-LU\"}]}<\/script>\n<!-- \/ Yoast SEO plugin. -->","yoast_head_json":{"title":"Histoire d\u2019Ada : cellules souches et paralysie c\u00e9r\u00e9brale | FamiCord","description":"Paralysie c\u00e9r\u00e9brale : l\u2019histoire d\u2019Ada montre les effets des cellules souches du sang de cordon associ\u00e9es \u00e0 la r\u00e9\u00e9ducation.","robots":{"index":"index","follow":"follow","max-snippet":"max-snippet:-1","max-image-preview":"max-image-preview:large","max-video-preview":"max-video-preview:-1"},"canonical":"https:\/\/famicord.lu\/fr\/pregnancy-zone-2\/informations-sur-la-grossesse\/adas-geschichte-therapie-fuer-zerebrale-laehmungen","og_locale":"fr_FR","og_type":"article","og_title":"Histoire d\u2019Ada : cellules souches et paralysie c\u00e9r\u00e9brale | FamiCord","og_description":"Paralysie c\u00e9r\u00e9brale : l\u2019histoire d\u2019Ada montre les effets des cellules souches du sang de cordon associ\u00e9es \u00e0 la r\u00e9\u00e9ducation.","og_url":"https:\/\/famicord.lu\/fr\/pregnancy-zone-2\/informations-sur-la-grossesse\/adas-geschichte-therapie-fuer-zerebrale-laehmungen","og_site_name":"Famicord Suisse","article_modified_time":"2026-01-21T12:34:47+00:00","og_image":[{"width":1920,"height":1080,"url":"https:\/\/famicord.lu\/wp-content\/uploads\/2024\/08\/Ada.jpg","type":"image\/webp"}],"twitter_card":"summary_large_image","twitter_misc":{"Est. reading time":"5 minutes"},"schema":{"@context":"https:\/\/schema.org","@graph":[{"@type":"WebPage","@id":"https:\/\/famicord.lu\/fr\/pregnancy-zone-2\/informations-sur-la-grossesse\/adas-geschichte-therapie-fuer-zerebrale-laehmungen","url":"https:\/\/famicord.lu\/fr\/pregnancy-zone-2\/informations-sur-la-grossesse\/adas-geschichte-therapie-fuer-zerebrale-laehmungen","name":"Histoire d\u2019Ada : cellules souches et paralysie c\u00e9r\u00e9brale | FamiCord","isPartOf":{"@id":"https:\/\/famicord.lu\/fr#website"},"primaryImageOfPage":{"@id":"https:\/\/famicord.lu\/fr\/pregnancy-zone-2\/informations-sur-la-grossesse\/adas-geschichte-therapie-fuer-zerebrale-laehmungen#primaryimage"},"image":{"@id":"https:\/\/famicord.lu\/fr\/pregnancy-zone-2\/informations-sur-la-grossesse\/adas-geschichte-therapie-fuer-zerebrale-laehmungen#primaryimage"},"thumbnailUrl":"https:\/\/famicord.lu\/wp-content\/uploads\/2024\/08\/Ada.jpg","datePublished":"2023-01-25T07:53:35+00:00","dateModified":"2026-01-21T12:34:47+00:00","description":"Paralysie c\u00e9r\u00e9brale : l\u2019histoire d\u2019Ada montre les effets des cellules souches du sang de cordon associ\u00e9es \u00e0 la r\u00e9\u00e9ducation.","breadcrumb":{"@id":"https:\/\/famicord.lu\/fr\/pregnancy-zone-2\/informations-sur-la-grossesse\/adas-geschichte-therapie-fuer-zerebrale-laehmungen#breadcrumb"},"inLanguage":"fr-LU","potentialAction":[{"@type":"ReadAction","target":["https:\/\/famicord.lu\/fr\/pregnancy-zone-2\/informations-sur-la-grossesse\/adas-geschichte-therapie-fuer-zerebrale-laehmungen"]}]},{"@type":"ImageObject","inLanguage":"fr-LU","@id":"https:\/\/famicord.lu\/fr\/pregnancy-zone-2\/informations-sur-la-grossesse\/adas-geschichte-therapie-fuer-zerebrale-laehmungen#primaryimage","url":"https:\/\/famicord.lu\/wp-content\/uploads\/2024\/08\/Ada.jpg","contentUrl":"https:\/\/famicord.lu\/wp-content\/uploads\/2024\/08\/Ada.jpg","width":1920,"height":1080},{"@type":"BreadcrumbList","@id":"https:\/\/famicord.lu\/fr\/pregnancy-zone-2\/informations-sur-la-grossesse\/adas-geschichte-therapie-fuer-zerebrale-laehmungen#breadcrumb","itemListElement":[{"@type":"ListItem","position":1,"name":"Home","item":"https:\/\/famicord.lu\/fr"},{"@type":"ListItem","position":2,"name":"FamiBlog","item":"https:\/\/famicord.lu\/fr\/pregnancy-zone-2"},{"@type":"ListItem","position":3,"name":"L&#8217;histoire d&#8217;Ada &#8211; Th\u00e9rapie de la paralysie c\u00e9r\u00e9brale"}]},{"@type":"WebSite","@id":"https:\/\/famicord.lu\/fr#website","url":"https:\/\/famicord.lu\/fr","name":"FamiCord Suisse","description":"","potentialAction":[{"@type":"SearchAction","target":{"@type":"EntryPoint","urlTemplate":"https:\/\/famicord.lu\/fr?s={search_term_string}"},"query-input":{"@type":"PropertyValueSpecification","valueRequired":true,"valueName":"search_term_string"}}],"inLanguage":"fr-LU"}]}},"_links":{"self":[{"href":"https:\/\/famicord.lu\/fr\/wp-json\/wp\/v2\/pregnancy_zone\/5889","targetHints":{"allow":["GET"]}}],"collection":[{"href":"https:\/\/famicord.lu\/fr\/wp-json\/wp\/v2\/pregnancy_zone"}],"about":[{"href":"https:\/\/famicord.lu\/fr\/wp-json\/wp\/v2\/types\/pregnancy_zone"}],"author":[{"embeddable":true,"href":"https:\/\/famicord.lu\/fr\/wp-json\/wp\/v2\/users\/2"}],"wp:featuredmedia":[{"embeddable":true,"href":"https:\/\/famicord.lu\/fr\/wp-json\/wp\/v2\/media\/4855"}],"wp:attachment":[{"href":"https:\/\/famicord.lu\/fr\/wp-json\/wp\/v2\/media?parent=5889"}],"wp:term":[{"taxonomy":"pregnancy_zone_category","embeddable":true,"href":"https:\/\/famicord.lu\/fr\/wp-json\/wp\/v2\/pregnancy_zone_category?post=5889"}],"curies":[{"name":"wp","href":"https:\/\/api.w.org\/{rel}","templated":true}]}}