{"id":5780,"date":"2025-06-04T08:01:00","date_gmt":"2025-06-04T06:01:00","guid":{"rendered":"https:\/\/wordpress-famicord-ch.empressia.dev\/pregnancy-zone-2\/%pregnancy_zone_category%\/15-schwangerschaftswoche-wie-fuehlen-sich-mama-und-baby"},"modified":"2025-12-04T15:33:23","modified_gmt":"2025-12-04T14:33:23","slug":"15-schwangerschaftswoche-wie-fuehlen-sich-mama-und-baby","status":"publish","type":"pregnancy_zone","link":"https:\/\/famicord.lu\/fr\/pregnancy-zone-2\/calendrier-de-grossesse\/15-schwangerschaftswoche-wie-fuehlen-sich-mama-und-baby","title":{"rendered":"15e semaine de grossesse &#8211; comment se sentent la maman et le b\u00e9b\u00e9?"},"content":{"rendered":"\n<p class=\" eplus-wrapper\">La quinzi\u00e8me semaine de grossesse est g\u00e9n\u00e9ralement une p\u00e9riode calme. Les troubles de la grossesse du premier trimestre sont r\u00e9solus, ce qui permet \u00e0 la future maman de se concentrer pleinement sur l&#8217;attente du b\u00e9b\u00e9. Il est important pour elle de prendre soin d&#8217;elle et d&#8217;\u00e9viter les situations d\u00e9sagr\u00e9ables et stressantes &#8211; au cours de la 15e semaine de grossesse, le b\u00e9b\u00e9 peut parfaitement ressentir l&#8217;humeur de la m\u00e8re.<\/p>\n\n\n\n<p class=\" eplus-wrapper\">Si le m\u00e9decin ne trouve pas de contre-indications, il vaut la peine de s&#8217;inscrire \u00e0 des cours de gymnastique organis\u00e9s pour les futures mamans, par exemple le yoga, \u00e0 la 15e semaine de grossesse. Ceux-ci peuvent contribuer \u00e0 pr\u00e9venir les douleurs dorsales, qui sont une source d&#8217;irritation pour de nombreuses femmes enceintes. En outre, une activit\u00e9 physique mod\u00e9r\u00e9e vous permet de maintenir un poids corporel normal, am\u00e9liore votre humeur, r\u00e9duit le stress et soutient votre immunit\u00e9. Vous pouvez \u00e9galement faire de l&#8217;exercice \u00e0 la maison apr\u00e8s avoir consult\u00e9 un kin\u00e9sith\u00e9rapeute ou un entra\u00eeneur personnel qui travaille avec des femmes enceintes. L&#8217;activit\u00e9 physique doit aller de pair avec une alimentation \u00e9quilibr\u00e9e appropri\u00e9e.<\/p>\n\n\n\n<h2 class=\" wp-block-heading eplus-wrapper\"><strong>15e semaine de grossesse &#8211; quel mois sommes-nous ?<\/strong><\/h2>\n\n\n\n<p class=\" eplus-wrapper\">En g\u00e9n\u00e9ral, les m\u00e9decins et les futures m\u00e8res utilisent des semaines pour d\u00e9terminer l&#8217;\u00e2ge de la grossesse. Mais vous devez \u00e9galement savoir dans quel mois de grossesse se situe la 15e semaine. En partant du premier jour de vos derni\u00e8res r\u00e8gles (selon la r\u00e8gle de Naegeli), il s&#8217;agit du 4e mois, c&#8217;est-\u00e0-dire du d\u00e9but du deuxi\u00e8me trimestre. Si vous avez des difficult\u00e9s \u00e0 calculer votre \u00e2ge de grossesse, vous pouvez utiliser des calculateurs en ligne.<\/p>\n\n\n\n<h2 class=\" wp-block-heading eplus-wrapper\"><strong>\u00c0 quoi ressemble le b\u00e9b\u00e9 \u00e0 15 semaines de grossesse ?<\/strong><\/h2>\n\n\n\n<p class=\" eplus-wrapper\">Votre b\u00e9b\u00e9 grandit tr\u00e8s vite \u00e0 la 15e semaine de grossesse. Il mesure d\u00e9j\u00e0 environ 10 cm de long (mesur\u00e9s du haut de la t\u00eate jusqu&#8217;aux fesses). Au deuxi\u00e8me trimestre, le b\u00e9b\u00e9 prend du poids plus lentement, car il n&#8217;a pas encore d\u00e9velopp\u00e9 de tissus adipeux. Le poids de votre b\u00e9b\u00e9 \u00e0 15 semaines de grossesse est d&#8217;environ 70 grammes.<\/p>\n\n\n\n<p class=\" eplus-wrapper\">Au cours de la 15e semaine de grossesse, les muscles du b\u00e9b\u00e9 se d\u00e9veloppent et se renforcent. Votre b\u00e9b\u00e9 sera donc tr\u00e8s actif et balancera ses bras et ses jambes dans toutes les directions. Il fait \u00e9galement des grimaces et suce ses doigts. Bien que le b\u00e9b\u00e9 soit tr\u00e8s actif, ses mouvements ne sont pas per\u00e7us par la future maman \u00e0 la 15e semaine de grossesse.<\/p>\n\n\n\n<p class=\" eplus-wrapper\">Au cours de la 15e semaine de grossesse, le b\u00e9b\u00e9 peut entendre la voix de sa m\u00e8re, ce qui a un effet apaisant sur lui. Il peut \u00e9galement reconna\u00eetre les \u00e9motions et les humeurs. Lorsqu&#8217;une femme est d\u00e9tendue et calme, le b\u00e9b\u00e9 est \u00e9galement de bonne humeur. En outre, la 15e semaine de grossesse est le moment o\u00f9:<\/p>\n\n\n<ul class=\" wp-block-list eplus-wrapper eplus-styles-uid-5a5a35\">\n<li class=\" eplus-wrapper\">le b\u00e9b\u00e9 se pr\u00e9pare \u00e0 respirer en avalant de l&#8217;eau f\u0153tale<\/li>\n\n\n\n<li class=\" eplus-wrapper\">la peau du b\u00e9b\u00e9 est translucide et recouverte de fourrure (lanugo)<\/li>\n\n\n\n<li class=\" eplus-wrapper\">les organes endocriniens (pancr\u00e9as, thyro\u00efde) commencent \u00e0 fonctionner<\/li>\n\n\n\n<li class=\" eplus-wrapper\">les organes internes du b\u00e9b\u00e9 grandissent et se d\u00e9veloppent<\/li>\n<\/ul>\n\n\n<h2 class=\" wp-block-heading eplus-wrapper\"><strong>Les sentiments de la m\u00e8re \u00e0 15 semaines de grossesse<\/strong><\/h2>\n\n\n\n<p class=\" eplus-wrapper\">On pense que le deuxi\u00e8me trimestre est la meilleure p\u00e9riode de la grossesse. Tout simplement parce que les troubles d\u00e9sagr\u00e9ables de la grossesse sont termin\u00e9s et que la future m\u00e8re ressent un soudain regain d&#8217;\u00e9nergie. Cela vaut la peine d&#8217;en profiter pour prendre soin de soi (tant pour son bien-\u00eatre physique que mental) et pour cr\u00e9er un lien \u00e9motionnel avec son enfant.<\/p>\n\n\n\n<p class=\" eplus-wrapper\">Malgr\u00e9 la nette am\u00e9lioration du bien-\u00eatre des femmes enceintes, la 15e semaine de grossesse n&#8217;est pas totalement exempte de douleurs. Certaines femmes peuvent ressentir des douleurs dorsales en raison de l&#8217;augmentation de la taille de l&#8217;abdomen et des seins et de la modification du centre de gravit\u00e9. D&#8217;autres femmes enceintes se plaignent de constipation et de ballonnements. Ces sympt\u00f4mes sont caus\u00e9s par un ralentissement du p\u00e9ristaltisme intestinal. En outre, l&#8217;app\u00e9tit augmente au cours de la 15e semaine de grossesse. Il vaut donc la peine de v\u00e9rifier votre alimentation (elle doit \u00eatre \u00e9quilibr\u00e9e et apporter des \u00e9l\u00e9ments essentiels et des vitamines) et de ne pas c\u00e9der aux fringales pendant la grossesse.<\/p>\n\n\n\n<h2 class=\" wp-block-heading eplus-wrapper\"><strong>Ventre \u00e0 15 semaines de grossesse<\/strong><\/h2>\n\n\n\n<p class=\" eplus-wrapper\">A la 15e semaine de grossesse, votre ventre peut d\u00e9j\u00e0 \u00eatre visiblement arrondi. A ce stade, vous devez changer votre garde-robe, car vos v\u00eatements actuels ne sont plus confortables. Il est pr\u00e9f\u00e9rable d&#8217;acheter des pantalons et des jupes avec des \u00e9lastiques, ainsi que des chemisiers un peu plus amples. N&#8217;oubliez pas que la taille du ventre \u00e0 la 15e semaine de grossesse est une affaire individuelle pour chaque femme.<\/p>\n","protected":false},"excerpt":{"rendered":"<p>La quinzi\u00e8me semaine de grossesse est g\u00e9n\u00e9ralement une p\u00e9riode calme. Les troubles de la grossesse du premier trimestre sont r\u00e9solus, ce qui permet \u00e0 la future maman de se concentrer pleinement sur l&#8217;attente du b\u00e9b\u00e9. Il est important pour elle de prendre soin d&#8217;elle et d&#8217;\u00e9viter les situations d\u00e9sagr\u00e9ables et stressantes &#8211; au cours de [&hellip;]<\/p>\n","protected":false},"author":2,"featured_media":2567,"template":"","pregnancy_zone_category":[92],"class_list":["post-5780","pregnancy_zone","type-pregnancy_zone","status-publish","has-post-thumbnail","hentry","pregnancy_zone_category-calendrier-de-grossesse"],"acf":[],"yoast_head":"<!-- This site is optimized with the Yoast SEO plugin v27.3 - https:\/\/yoast.com\/product\/yoast-seo-wordpress\/ -->\n<title>Semaine 15 : Croissance &amp; regain d\u2019\u00e9nergie | FamiCord Suisse<\/title>\n<meta name=\"description\" content=\"\u00c0 la 15\u1d49 semaine, b\u00e9b\u00e9 mesure ~10 cm pour ~70 g \u2014 de nombreux sympt\u00f4mes diminuent et les futures mamans ressentent un regain d\u2019\u00e9nergie et de bien-\u00eatre.\" \/>\n<meta name=\"robots\" content=\"index, follow, max-snippet:-1, max-image-preview:large, max-video-preview:-1\" \/>\n<link rel=\"canonical\" href=\"https:\/\/famicord.lu\/fr\/pregnancy-zone-2\/calendrier-de-grossesse\/15-schwangerschaftswoche-wie-fuehlen-sich-mama-und-baby\" \/>\n<meta property=\"og:locale\" content=\"fr_FR\" \/>\n<meta property=\"og:type\" content=\"article\" \/>\n<meta property=\"og:title\" content=\"Semaine 15 : Croissance &amp; regain d\u2019\u00e9nergie | FamiCord Suisse\" \/>\n<meta property=\"og:description\" content=\"\u00c0 la 15\u1d49 semaine, b\u00e9b\u00e9 mesure ~10 cm pour ~70 g \u2014 de nombreux sympt\u00f4mes diminuent et les futures mamans ressentent un regain d\u2019\u00e9nergie et de bien-\u00eatre.\" \/>\n<meta property=\"og:url\" content=\"https:\/\/famicord.lu\/fr\/pregnancy-zone-2\/calendrier-de-grossesse\/15-schwangerschaftswoche-wie-fuehlen-sich-mama-und-baby\" \/>\n<meta property=\"og:site_name\" content=\"Famicord Suisse\" \/>\n<meta property=\"article:modified_time\" content=\"2025-12-04T14:33:23+00:00\" \/>\n<meta property=\"og:image\" content=\"https:\/\/famicord.lu\/wp-content\/uploads\/2024\/08\/15_Papryka.jpg\" \/>\n\t<meta property=\"og:image:width\" content=\"610\" \/>\n\t<meta property=\"og:image:height\" content=\"413\" \/>\n\t<meta property=\"og:image:type\" content=\"image\/jpeg\" \/>\n<meta name=\"twitter:card\" content=\"summary_large_image\" \/>\n<meta name=\"twitter:label1\" content=\"Est. reading time\" \/>\n\t<meta name=\"twitter:data1\" content=\"5 minutes\" \/>\n<script type=\"application\/ld+json\" class=\"yoast-schema-graph\">{\"@context\":\"https:\\\/\\\/schema.org\",\"@graph\":[{\"@type\":\"WebPage\",\"@id\":\"https:\\\/\\\/famicord.lu\\\/fr\\\/pregnancy-zone-2\\\/calendrier-de-grossesse\\\/15-schwangerschaftswoche-wie-fuehlen-sich-mama-und-baby\",\"url\":\"https:\\\/\\\/famicord.lu\\\/fr\\\/pregnancy-zone-2\\\/calendrier-de-grossesse\\\/15-schwangerschaftswoche-wie-fuehlen-sich-mama-und-baby\",\"name\":\"Semaine 15 : Croissance & regain d\u2019\u00e9nergie | FamiCord Suisse\",\"isPartOf\":{\"@id\":\"https:\\\/\\\/famicord.lu\\\/fr#website\"},\"primaryImageOfPage\":{\"@id\":\"https:\\\/\\\/famicord.lu\\\/fr\\\/pregnancy-zone-2\\\/calendrier-de-grossesse\\\/15-schwangerschaftswoche-wie-fuehlen-sich-mama-und-baby#primaryimage\"},\"image\":{\"@id\":\"https:\\\/\\\/famicord.lu\\\/fr\\\/pregnancy-zone-2\\\/calendrier-de-grossesse\\\/15-schwangerschaftswoche-wie-fuehlen-sich-mama-und-baby#primaryimage\"},\"thumbnailUrl\":\"https:\\\/\\\/famicord.lu\\\/wp-content\\\/uploads\\\/2024\\\/08\\\/15_Papryka.jpg\",\"datePublished\":\"2025-06-04T06:01:00+00:00\",\"dateModified\":\"2025-12-04T14:33:23+00:00\",\"description\":\"\u00c0 la 15\u1d49 semaine, b\u00e9b\u00e9 mesure ~10 cm pour ~70 g \u2014 de nombreux sympt\u00f4mes diminuent et les futures mamans ressentent un regain d\u2019\u00e9nergie et de bien-\u00eatre.\",\"breadcrumb\":{\"@id\":\"https:\\\/\\\/famicord.lu\\\/fr\\\/pregnancy-zone-2\\\/calendrier-de-grossesse\\\/15-schwangerschaftswoche-wie-fuehlen-sich-mama-und-baby#breadcrumb\"},\"inLanguage\":\"fr-LU\",\"potentialAction\":[{\"@type\":\"ReadAction\",\"target\":[\"https:\\\/\\\/famicord.lu\\\/fr\\\/pregnancy-zone-2\\\/calendrier-de-grossesse\\\/15-schwangerschaftswoche-wie-fuehlen-sich-mama-und-baby\"]}]},{\"@type\":\"ImageObject\",\"inLanguage\":\"fr-LU\",\"@id\":\"https:\\\/\\\/famicord.lu\\\/fr\\\/pregnancy-zone-2\\\/calendrier-de-grossesse\\\/15-schwangerschaftswoche-wie-fuehlen-sich-mama-und-baby#primaryimage\",\"url\":\"https:\\\/\\\/famicord.lu\\\/wp-content\\\/uploads\\\/2024\\\/08\\\/15_Papryka.jpg\",\"contentUrl\":\"https:\\\/\\\/famicord.lu\\\/wp-content\\\/uploads\\\/2024\\\/08\\\/15_Papryka.jpg\",\"width\":610,\"height\":413},{\"@type\":\"BreadcrumbList\",\"@id\":\"https:\\\/\\\/famicord.lu\\\/fr\\\/pregnancy-zone-2\\\/calendrier-de-grossesse\\\/15-schwangerschaftswoche-wie-fuehlen-sich-mama-und-baby#breadcrumb\",\"itemListElement\":[{\"@type\":\"ListItem\",\"position\":1,\"name\":\"Home\",\"item\":\"https:\\\/\\\/famicord.lu\\\/fr\"},{\"@type\":\"ListItem\",\"position\":2,\"name\":\"FamiBlog\",\"item\":\"https:\\\/\\\/famicord.lu\\\/fr\\\/pregnancy-zone-2\"},{\"@type\":\"ListItem\",\"position\":3,\"name\":\"15e semaine de grossesse &#8211; comment se sentent la maman et le b\u00e9b\u00e9?\"}]},{\"@type\":\"WebSite\",\"@id\":\"https:\\\/\\\/famicord.lu\\\/fr#website\",\"url\":\"https:\\\/\\\/famicord.lu\\\/fr\",\"name\":\"FamiCord Suisse\",\"description\":\"\",\"potentialAction\":[{\"@type\":\"SearchAction\",\"target\":{\"@type\":\"EntryPoint\",\"urlTemplate\":\"https:\\\/\\\/famicord.lu\\\/fr?s={search_term_string}\"},\"query-input\":{\"@type\":\"PropertyValueSpecification\",\"valueRequired\":true,\"valueName\":\"search_term_string\"}}],\"inLanguage\":\"fr-LU\"}]}<\/script>\n<!-- \/ Yoast SEO plugin. -->","yoast_head_json":{"title":"Semaine 15 : Croissance & regain d\u2019\u00e9nergie | FamiCord Suisse","description":"\u00c0 la 15\u1d49 semaine, b\u00e9b\u00e9 mesure ~10 cm pour ~70 g \u2014 de nombreux sympt\u00f4mes diminuent et les futures mamans ressentent un regain d\u2019\u00e9nergie et de bien-\u00eatre.","robots":{"index":"index","follow":"follow","max-snippet":"max-snippet:-1","max-image-preview":"max-image-preview:large","max-video-preview":"max-video-preview:-1"},"canonical":"https:\/\/famicord.lu\/fr\/pregnancy-zone-2\/calendrier-de-grossesse\/15-schwangerschaftswoche-wie-fuehlen-sich-mama-und-baby","og_locale":"fr_FR","og_type":"article","og_title":"Semaine 15 : Croissance & regain d\u2019\u00e9nergie | FamiCord Suisse","og_description":"\u00c0 la 15\u1d49 semaine, b\u00e9b\u00e9 mesure ~10 cm pour ~70 g \u2014 de nombreux sympt\u00f4mes diminuent et les futures mamans ressentent un regain d\u2019\u00e9nergie et de bien-\u00eatre.","og_url":"https:\/\/famicord.lu\/fr\/pregnancy-zone-2\/calendrier-de-grossesse\/15-schwangerschaftswoche-wie-fuehlen-sich-mama-und-baby","og_site_name":"Famicord Suisse","article_modified_time":"2025-12-04T14:33:23+00:00","og_image":[{"width":610,"height":413,"url":"https:\/\/famicord.lu\/wp-content\/uploads\/2024\/08\/15_Papryka.jpg","type":"image\/jpeg"}],"twitter_card":"summary_large_image","twitter_misc":{"Est. reading time":"5 minutes"},"schema":{"@context":"https:\/\/schema.org","@graph":[{"@type":"WebPage","@id":"https:\/\/famicord.lu\/fr\/pregnancy-zone-2\/calendrier-de-grossesse\/15-schwangerschaftswoche-wie-fuehlen-sich-mama-und-baby","url":"https:\/\/famicord.lu\/fr\/pregnancy-zone-2\/calendrier-de-grossesse\/15-schwangerschaftswoche-wie-fuehlen-sich-mama-und-baby","name":"Semaine 15 : Croissance & regain d\u2019\u00e9nergie | FamiCord Suisse","isPartOf":{"@id":"https:\/\/famicord.lu\/fr#website"},"primaryImageOfPage":{"@id":"https:\/\/famicord.lu\/fr\/pregnancy-zone-2\/calendrier-de-grossesse\/15-schwangerschaftswoche-wie-fuehlen-sich-mama-und-baby#primaryimage"},"image":{"@id":"https:\/\/famicord.lu\/fr\/pregnancy-zone-2\/calendrier-de-grossesse\/15-schwangerschaftswoche-wie-fuehlen-sich-mama-und-baby#primaryimage"},"thumbnailUrl":"https:\/\/famicord.lu\/wp-content\/uploads\/2024\/08\/15_Papryka.jpg","datePublished":"2025-06-04T06:01:00+00:00","dateModified":"2025-12-04T14:33:23+00:00","description":"\u00c0 la 15\u1d49 semaine, b\u00e9b\u00e9 mesure ~10 cm pour ~70 g \u2014 de nombreux sympt\u00f4mes diminuent et les futures mamans ressentent un regain d\u2019\u00e9nergie et de bien-\u00eatre.","breadcrumb":{"@id":"https:\/\/famicord.lu\/fr\/pregnancy-zone-2\/calendrier-de-grossesse\/15-schwangerschaftswoche-wie-fuehlen-sich-mama-und-baby#breadcrumb"},"inLanguage":"fr-LU","potentialAction":[{"@type":"ReadAction","target":["https:\/\/famicord.lu\/fr\/pregnancy-zone-2\/calendrier-de-grossesse\/15-schwangerschaftswoche-wie-fuehlen-sich-mama-und-baby"]}]},{"@type":"ImageObject","inLanguage":"fr-LU","@id":"https:\/\/famicord.lu\/fr\/pregnancy-zone-2\/calendrier-de-grossesse\/15-schwangerschaftswoche-wie-fuehlen-sich-mama-und-baby#primaryimage","url":"https:\/\/famicord.lu\/wp-content\/uploads\/2024\/08\/15_Papryka.jpg","contentUrl":"https:\/\/famicord.lu\/wp-content\/uploads\/2024\/08\/15_Papryka.jpg","width":610,"height":413},{"@type":"BreadcrumbList","@id":"https:\/\/famicord.lu\/fr\/pregnancy-zone-2\/calendrier-de-grossesse\/15-schwangerschaftswoche-wie-fuehlen-sich-mama-und-baby#breadcrumb","itemListElement":[{"@type":"ListItem","position":1,"name":"Home","item":"https:\/\/famicord.lu\/fr"},{"@type":"ListItem","position":2,"name":"FamiBlog","item":"https:\/\/famicord.lu\/fr\/pregnancy-zone-2"},{"@type":"ListItem","position":3,"name":"15e semaine de grossesse &#8211; comment se sentent la maman et le b\u00e9b\u00e9?"}]},{"@type":"WebSite","@id":"https:\/\/famicord.lu\/fr#website","url":"https:\/\/famicord.lu\/fr","name":"FamiCord Suisse","description":"","potentialAction":[{"@type":"SearchAction","target":{"@type":"EntryPoint","urlTemplate":"https:\/\/famicord.lu\/fr?s={search_term_string}"},"query-input":{"@type":"PropertyValueSpecification","valueRequired":true,"valueName":"search_term_string"}}],"inLanguage":"fr-LU"}]}},"_links":{"self":[{"href":"https:\/\/famicord.lu\/fr\/wp-json\/wp\/v2\/pregnancy_zone\/5780","targetHints":{"allow":["GET"]}}],"collection":[{"href":"https:\/\/famicord.lu\/fr\/wp-json\/wp\/v2\/pregnancy_zone"}],"about":[{"href":"https:\/\/famicord.lu\/fr\/wp-json\/wp\/v2\/types\/pregnancy_zone"}],"author":[{"embeddable":true,"href":"https:\/\/famicord.lu\/fr\/wp-json\/wp\/v2\/users\/2"}],"wp:featuredmedia":[{"embeddable":true,"href":"https:\/\/famicord.lu\/fr\/wp-json\/wp\/v2\/media\/2567"}],"wp:attachment":[{"href":"https:\/\/famicord.lu\/fr\/wp-json\/wp\/v2\/media?parent=5780"}],"wp:term":[{"taxonomy":"pregnancy_zone_category","embeddable":true,"href":"https:\/\/famicord.lu\/fr\/wp-json\/wp\/v2\/pregnancy_zone_category?post=5780"}],"curies":[{"name":"wp","href":"https:\/\/api.w.org\/{rel}","templated":true}]}}