{"id":5779,"date":"2025-05-28T08:01:00","date_gmt":"2025-05-28T06:01:00","guid":{"rendered":"https:\/\/wordpress-famicord-ch.empressia.dev\/pregnancy-zone-2\/%pregnancy_zone_category%\/14-schwangerschaftswoche-entwicklung-des-babys-und-wohlbefinden-der-mutter"},"modified":"2025-12-04T13:24:41","modified_gmt":"2025-12-04T12:24:41","slug":"14-schwangerschaftswoche-entwicklung-des-babys-und-wohlbefinden-der-mutter","status":"publish","type":"pregnancy_zone","link":"https:\/\/famicord.lu\/fr\/pregnancy-zone-2\/calendrier-de-grossesse\/14-schwangerschaftswoche-entwicklung-des-babys-und-wohlbefinden-der-mutter","title":{"rendered":"14e semaine de grossesse &#8211; D\u00e9veloppement du b\u00e9b\u00e9 et bien-\u00eatre de la m\u00e8re"},"content":{"rendered":"\n<p class=\" eplus-wrapper\">La 14e semaine de grossesse est le moment o\u00f9 le b\u00e9b\u00e9 qui se d\u00e9veloppe dans l&#8217;ut\u00e9rus commence \u00e0 ressembler \u00e0 un nouveau-n\u00e9 en miniature. Sa croissance est toujours intense et tr\u00e8s active, mais la future maman ne ressent pas encore ses mouvements &#8211; elle doit encore attendre quelques semaines. La 14e semaine de grossesse marque le d\u00e9but du deuxi\u00e8me trimestre.<\/p>\n\n\n\n<p class=\" eplus-wrapper\">La plupart des femmes enceintes \u00e0 la 14e semaine de grossesse commencent \u00e0 se sentir beaucoup mieux &#8211; les troubles du premier trimestre disparaissent et l&#8217;\u00e9nergie revient. La future maman ne doit cependant pas exag\u00e9rer son activit\u00e9 et se rappeler la bonne dose de repos.<\/p>\n\n\n\n<h2 class=\" wp-block-heading eplus-wrapper\"><strong>14e semaine de grossesse &#8211; quel mois sommes-nous ?<\/strong><\/h2>\n\n\n\n<p class=\" eplus-wrapper\">Bien que l&#8217;\u00e2ge de la grossesse soit g\u00e9n\u00e9ralement indiqu\u00e9 en semaines, de nombreux futurs parents se demandent quel mois correspond \u00e0 la 14e semaine. Cette information peut \u00eatre utile dans diff\u00e9rentes situations. Il vaut donc la peine de savoir que c&#8217;est le 4e mois et le d\u00e9but du deuxi\u00e8me trimestre (plus pr\u00e9cis\u00e9ment la semaine 2). Il est consid\u00e9r\u00e9 par la plupart des femmes enceintes comme une p\u00e9riode tr\u00e8s agr\u00e9able pour attendre le b\u00e9b\u00e9 et se pr\u00e9parer \u00e0 la maternit\u00e9.<\/p>\n\n\n\n<h2 class=\" wp-block-heading eplus-wrapper\"><strong>Comment se porte le b\u00e9b\u00e9 \u00e0 la 14e semaine de grossesse ?<\/strong><\/h2>\n\n\n\n<p class=\" eplus-wrapper\">Un enfant \u00e0 la 14e semaine de grossesse mesure d\u00e9j\u00e0 environ 9 cm. Son poids est de 25 g. Il devient de plus en plus grand chaque semaine, car le deuxi\u00e8me trimestre est une p\u00e9riode de d\u00e9veloppement tr\u00e8s intense. Le b\u00e9b\u00e9 commence \u00e0 ressembler \u00e0 un nouveau-n\u00e9 en miniature &#8211; ses proportions changent, m\u00eame si sa t\u00eate est toujours l\u00e9g\u00e8rement plus grande que le reste de son corps. Le jeune enfant a d\u00e9velopp\u00e9 des doigts et les traits de son visage changent \u00e0 mesure que ses yeux et ses oreilles se d\u00e9placent lentement vers leur place.<\/p>\n\n\n\n<p class=\" eplus-wrapper\">Tous les organes internes de l&#8217;enfant grandissent et se d\u00e9veloppent \u00e9galement de mani\u00e8re intensive. Chaque jour, de nouvelles cellules nerveuses sont cr\u00e9\u00e9es dans le cerveau. La thyro\u00efde commence \u00e0 s\u00e9cr\u00e9ter des hormones. Les organes g\u00e9nitaux internes se forment \u00e9galement.<\/p>\n\n\n\n<p class=\" eplus-wrapper\">La 14e semaine de grossesse est consacr\u00e9e \u00e0 une activit\u00e9 physique intense. Cela permet de renforcer son squelette et son syst\u00e8me musculaire. En outre, l&#8217;enfant est d\u00e9j\u00e0 capable de sucer son pouce, d&#8217;accorder son visage et de s&#8217;entra\u00eener \u00e0 d\u00e9glutir. Comme il y a encore beaucoup de place dans l&#8217;ut\u00e9rus, les mouvements du b\u00e9b\u00e9 ne sont pas encore perceptibles par la future m\u00e8re \u00e0 la 14e semaine de grossesse. Son absence ne doit donc pas \u00eatre une source d&#8217;inqui\u00e9tude. Les premiers coups de pied clairs n&#8217;appara\u00eetront que dans quelques semaines, il vaut donc la peine de s&#8217;armer de patience.<\/p>\n\n\n\n<h2 class=\" wp-block-heading eplus-wrapper\"><strong>Tour de taille \u00e0 la 14e semaine de grossesse<\/strong><\/h2>\n\n\n\n<p class=\" eplus-wrapper\">La taille de l&#8217;abdomen \u00e0 la 14e semaine de grossesse est une question individuelle pour chaque femme. Il s&#8217;agit de femmes enceintes chez qui il est clairement arrondi et visible. Mais certaines futures m\u00e8res \u00e0 ce stade de la grossesse peuvent encore cacher le fait qu&#8217;elles attendent un enfant. Tout d\u00e9pend de nombreux facteurs : La silhouette, le poids, les g\u00e8nes, etc. Il vaut toutefois la peine de commencer \u00e0 chercher des v\u00eatements et des sous-v\u00eatements amples qui ne collent pas \u00e0 la peau et n&#8217;exercent pas de pression sur le ventre.<\/p>\n\n\n\n<h2 class=\" wp-block-heading eplus-wrapper\"><strong>Troubles \u00e0 la 14e semaine de grossesse<\/strong><\/h2>\n\n\n\n<p class=\" eplus-wrapper\">La plupart des femmes consid\u00e8rent le deuxi\u00e8me trimestre comme le meilleur moment pour attendre un enfant. Pendant la 14e semaine de grossesse, les troubles d\u00e9sagr\u00e9ables comme les naus\u00e9es, les vomissements et la somnolence disparaissent. La future m\u00e8re est de meilleure humeur et a plus d&#8217;\u00e9nergie, ce qui lui permet de profiter pleinement de son \u00e9tat. Une activit\u00e9 physique mod\u00e9r\u00e9e, des promenades, des activit\u00e9s en plein air ainsi qu&#8217;un travail professionnel (le tout dans la limite du raisonnable et si votre sant\u00e9 le permet) sont recommand\u00e9s. Vous ne devez cependant pas oublier le repos et le sommeil.<\/p>\n\n\n\n<p class=\" eplus-wrapper\">Mais il arrive aussi que des sympt\u00f4mes d\u00e9sagr\u00e9ables apparaissent \u00e0 la 14e semaine de grossesse. Une future maman peut:<\/p>\n\n\n<ul class=\" wp-block-list eplus-wrapper eplus-styles-uid-152e49\">\n<li class=\" eplus-wrapper\">ressentir des douleurs dorsales et musculaires dues \u00e0 la croissance de l&#8217;ut\u00e9rus,<\/li>\n\n\n\n<li class=\" eplus-wrapper\">avoir des saignements de nez fr\u00e9quents en raison d&#8217;une congestion des muqueuses<\/li>\n\n\n\n<li class=\" eplus-wrapper\">ressentir des crampes nocturnes au niveau des molletsressentir une augmentation de la pression sur votre vessie<\/li>\n\n\n\n<li class=\" eplus-wrapper\">avoir des probl\u00e8mes de sommeil<\/li>\n\n\n\n<li class=\" eplus-wrapper\">avoir une augmentation de l&#8217;app\u00e9tit<\/li>\n\n\n\n<li class=\" eplus-wrapper\">avoir des gonflements au niveau des jambes<\/li>\n<\/ul>\n\n\n<p class=\" eplus-wrapper\">En revanche, \u00e0 la 14e semaine de grossesse, de nombreuses femmes voient leurs cheveux s&#8217;am\u00e9liorer. Ils deviennent plus \u00e9pais et plus brillants, ils cessent \u00e9galement de se casser et de tomber. Les changements hormonaux sont responsables de ce ph\u00e9nom\u00e8ne.<\/p>\n","protected":false},"excerpt":{"rendered":"<p>La 14e semaine de grossesse est le moment o\u00f9 le b\u00e9b\u00e9 qui se d\u00e9veloppe dans l&#8217;ut\u00e9rus commence \u00e0 ressembler \u00e0 un nouveau-n\u00e9 en miniature. Sa croissance est toujours intense et tr\u00e8s active, mais la future maman ne ressent pas encore ses mouvements &#8211; elle doit encore attendre quelques semaines. La 14e semaine de grossesse marque [&hellip;]<\/p>\n","protected":false},"author":2,"featured_media":2561,"template":"","pregnancy_zone_category":[92],"class_list":["post-5779","pregnancy_zone","type-pregnancy_zone","status-publish","has-post-thumbnail","hentry","pregnancy_zone_category-calendrier-de-grossesse"],"acf":[],"yoast_head":"<!-- This site is optimized with the Yoast SEO plugin v27.3 - https:\/\/yoast.com\/product\/yoast-seo-wordpress\/ -->\n<title>Semaine 14 : 2\u1d49 trimestre &amp; croissance b\u00e9b\u00e9 | FamiCord Suisse<\/title>\n<meta name=\"description\" content=\"\u00c0 la 14\u1d49 semaine d\u00e9bute le 2\u1d49 trimestre \u2014 b\u00e9b\u00e9 grandit vite, ventre visible, et de nombreux sympt\u00f4mes de d\u00e9but s\u2019estompent.\" \/>\n<meta name=\"robots\" content=\"index, follow, max-snippet:-1, max-image-preview:large, max-video-preview:-1\" \/>\n<link rel=\"canonical\" href=\"https:\/\/famicord.lu\/fr\/pregnancy-zone-2\/calendrier-de-grossesse\/14-schwangerschaftswoche-entwicklung-des-babys-und-wohlbefinden-der-mutter\" \/>\n<meta property=\"og:locale\" content=\"fr_FR\" \/>\n<meta property=\"og:type\" content=\"article\" \/>\n<meta property=\"og:title\" content=\"Semaine 14 : 2\u1d49 trimestre &amp; croissance b\u00e9b\u00e9 | FamiCord Suisse\" \/>\n<meta property=\"og:description\" content=\"\u00c0 la 14\u1d49 semaine d\u00e9bute le 2\u1d49 trimestre \u2014 b\u00e9b\u00e9 grandit vite, ventre visible, et de nombreux sympt\u00f4mes de d\u00e9but s\u2019estompent.\" \/>\n<meta property=\"og:url\" content=\"https:\/\/famicord.lu\/fr\/pregnancy-zone-2\/calendrier-de-grossesse\/14-schwangerschaftswoche-entwicklung-des-babys-und-wohlbefinden-der-mutter\" \/>\n<meta property=\"og:site_name\" content=\"Famicord Suisse\" \/>\n<meta property=\"article:modified_time\" content=\"2025-12-04T12:24:41+00:00\" \/>\n<meta property=\"og:image\" content=\"https:\/\/famicord.lu\/wp-content\/uploads\/2024\/08\/14_Gruszka.jpg\" \/>\n\t<meta property=\"og:image:width\" content=\"610\" \/>\n\t<meta property=\"og:image:height\" content=\"413\" \/>\n\t<meta property=\"og:image:type\" content=\"image\/jpeg\" \/>\n<meta name=\"twitter:card\" content=\"summary_large_image\" \/>\n<meta name=\"twitter:label1\" content=\"Est. reading time\" \/>\n\t<meta name=\"twitter:data1\" content=\"5 minutes\" \/>\n<script type=\"application\/ld+json\" class=\"yoast-schema-graph\">{\"@context\":\"https:\\\/\\\/schema.org\",\"@graph\":[{\"@type\":\"WebPage\",\"@id\":\"https:\\\/\\\/famicord.lu\\\/fr\\\/pregnancy-zone-2\\\/calendrier-de-grossesse\\\/14-schwangerschaftswoche-entwicklung-des-babys-und-wohlbefinden-der-mutter\",\"url\":\"https:\\\/\\\/famicord.lu\\\/fr\\\/pregnancy-zone-2\\\/calendrier-de-grossesse\\\/14-schwangerschaftswoche-entwicklung-des-babys-und-wohlbefinden-der-mutter\",\"name\":\"Semaine 14 : 2\u1d49 trimestre & croissance b\u00e9b\u00e9 | FamiCord Suisse\",\"isPartOf\":{\"@id\":\"https:\\\/\\\/famicord.lu\\\/fr#website\"},\"primaryImageOfPage\":{\"@id\":\"https:\\\/\\\/famicord.lu\\\/fr\\\/pregnancy-zone-2\\\/calendrier-de-grossesse\\\/14-schwangerschaftswoche-entwicklung-des-babys-und-wohlbefinden-der-mutter#primaryimage\"},\"image\":{\"@id\":\"https:\\\/\\\/famicord.lu\\\/fr\\\/pregnancy-zone-2\\\/calendrier-de-grossesse\\\/14-schwangerschaftswoche-entwicklung-des-babys-und-wohlbefinden-der-mutter#primaryimage\"},\"thumbnailUrl\":\"https:\\\/\\\/famicord.lu\\\/wp-content\\\/uploads\\\/2024\\\/08\\\/14_Gruszka.jpg\",\"datePublished\":\"2025-05-28T06:01:00+00:00\",\"dateModified\":\"2025-12-04T12:24:41+00:00\",\"description\":\"\u00c0 la 14\u1d49 semaine d\u00e9bute le 2\u1d49 trimestre \u2014 b\u00e9b\u00e9 grandit vite, ventre visible, et de nombreux sympt\u00f4mes de d\u00e9but s\u2019estompent.\",\"breadcrumb\":{\"@id\":\"https:\\\/\\\/famicord.lu\\\/fr\\\/pregnancy-zone-2\\\/calendrier-de-grossesse\\\/14-schwangerschaftswoche-entwicklung-des-babys-und-wohlbefinden-der-mutter#breadcrumb\"},\"inLanguage\":\"fr-LU\",\"potentialAction\":[{\"@type\":\"ReadAction\",\"target\":[\"https:\\\/\\\/famicord.lu\\\/fr\\\/pregnancy-zone-2\\\/calendrier-de-grossesse\\\/14-schwangerschaftswoche-entwicklung-des-babys-und-wohlbefinden-der-mutter\"]}]},{\"@type\":\"ImageObject\",\"inLanguage\":\"fr-LU\",\"@id\":\"https:\\\/\\\/famicord.lu\\\/fr\\\/pregnancy-zone-2\\\/calendrier-de-grossesse\\\/14-schwangerschaftswoche-entwicklung-des-babys-und-wohlbefinden-der-mutter#primaryimage\",\"url\":\"https:\\\/\\\/famicord.lu\\\/wp-content\\\/uploads\\\/2024\\\/08\\\/14_Gruszka.jpg\",\"contentUrl\":\"https:\\\/\\\/famicord.lu\\\/wp-content\\\/uploads\\\/2024\\\/08\\\/14_Gruszka.jpg\",\"width\":610,\"height\":413},{\"@type\":\"BreadcrumbList\",\"@id\":\"https:\\\/\\\/famicord.lu\\\/fr\\\/pregnancy-zone-2\\\/calendrier-de-grossesse\\\/14-schwangerschaftswoche-entwicklung-des-babys-und-wohlbefinden-der-mutter#breadcrumb\",\"itemListElement\":[{\"@type\":\"ListItem\",\"position\":1,\"name\":\"Home\",\"item\":\"https:\\\/\\\/famicord.lu\\\/fr\"},{\"@type\":\"ListItem\",\"position\":2,\"name\":\"FamiBlog\",\"item\":\"https:\\\/\\\/famicord.lu\\\/fr\\\/pregnancy-zone-2\"},{\"@type\":\"ListItem\",\"position\":3,\"name\":\"14e semaine de grossesse &#8211; D\u00e9veloppement du b\u00e9b\u00e9 et bien-\u00eatre de la m\u00e8re\"}]},{\"@type\":\"WebSite\",\"@id\":\"https:\\\/\\\/famicord.lu\\\/fr#website\",\"url\":\"https:\\\/\\\/famicord.lu\\\/fr\",\"name\":\"FamiCord Suisse\",\"description\":\"\",\"potentialAction\":[{\"@type\":\"SearchAction\",\"target\":{\"@type\":\"EntryPoint\",\"urlTemplate\":\"https:\\\/\\\/famicord.lu\\\/fr?s={search_term_string}\"},\"query-input\":{\"@type\":\"PropertyValueSpecification\",\"valueRequired\":true,\"valueName\":\"search_term_string\"}}],\"inLanguage\":\"fr-LU\"}]}<\/script>\n<!-- \/ Yoast SEO plugin. -->","yoast_head_json":{"title":"Semaine 14 : 2\u1d49 trimestre & croissance b\u00e9b\u00e9 | FamiCord Suisse","description":"\u00c0 la 14\u1d49 semaine d\u00e9bute le 2\u1d49 trimestre \u2014 b\u00e9b\u00e9 grandit vite, ventre visible, et de nombreux sympt\u00f4mes de d\u00e9but s\u2019estompent.","robots":{"index":"index","follow":"follow","max-snippet":"max-snippet:-1","max-image-preview":"max-image-preview:large","max-video-preview":"max-video-preview:-1"},"canonical":"https:\/\/famicord.lu\/fr\/pregnancy-zone-2\/calendrier-de-grossesse\/14-schwangerschaftswoche-entwicklung-des-babys-und-wohlbefinden-der-mutter","og_locale":"fr_FR","og_type":"article","og_title":"Semaine 14 : 2\u1d49 trimestre & croissance b\u00e9b\u00e9 | FamiCord Suisse","og_description":"\u00c0 la 14\u1d49 semaine d\u00e9bute le 2\u1d49 trimestre \u2014 b\u00e9b\u00e9 grandit vite, ventre visible, et de nombreux sympt\u00f4mes de d\u00e9but s\u2019estompent.","og_url":"https:\/\/famicord.lu\/fr\/pregnancy-zone-2\/calendrier-de-grossesse\/14-schwangerschaftswoche-entwicklung-des-babys-und-wohlbefinden-der-mutter","og_site_name":"Famicord Suisse","article_modified_time":"2025-12-04T12:24:41+00:00","og_image":[{"width":610,"height":413,"url":"https:\/\/famicord.lu\/wp-content\/uploads\/2024\/08\/14_Gruszka.jpg","type":"image\/jpeg"}],"twitter_card":"summary_large_image","twitter_misc":{"Est. reading time":"5 minutes"},"schema":{"@context":"https:\/\/schema.org","@graph":[{"@type":"WebPage","@id":"https:\/\/famicord.lu\/fr\/pregnancy-zone-2\/calendrier-de-grossesse\/14-schwangerschaftswoche-entwicklung-des-babys-und-wohlbefinden-der-mutter","url":"https:\/\/famicord.lu\/fr\/pregnancy-zone-2\/calendrier-de-grossesse\/14-schwangerschaftswoche-entwicklung-des-babys-und-wohlbefinden-der-mutter","name":"Semaine 14 : 2\u1d49 trimestre & croissance b\u00e9b\u00e9 | FamiCord Suisse","isPartOf":{"@id":"https:\/\/famicord.lu\/fr#website"},"primaryImageOfPage":{"@id":"https:\/\/famicord.lu\/fr\/pregnancy-zone-2\/calendrier-de-grossesse\/14-schwangerschaftswoche-entwicklung-des-babys-und-wohlbefinden-der-mutter#primaryimage"},"image":{"@id":"https:\/\/famicord.lu\/fr\/pregnancy-zone-2\/calendrier-de-grossesse\/14-schwangerschaftswoche-entwicklung-des-babys-und-wohlbefinden-der-mutter#primaryimage"},"thumbnailUrl":"https:\/\/famicord.lu\/wp-content\/uploads\/2024\/08\/14_Gruszka.jpg","datePublished":"2025-05-28T06:01:00+00:00","dateModified":"2025-12-04T12:24:41+00:00","description":"\u00c0 la 14\u1d49 semaine d\u00e9bute le 2\u1d49 trimestre \u2014 b\u00e9b\u00e9 grandit vite, ventre visible, et de nombreux sympt\u00f4mes de d\u00e9but s\u2019estompent.","breadcrumb":{"@id":"https:\/\/famicord.lu\/fr\/pregnancy-zone-2\/calendrier-de-grossesse\/14-schwangerschaftswoche-entwicklung-des-babys-und-wohlbefinden-der-mutter#breadcrumb"},"inLanguage":"fr-LU","potentialAction":[{"@type":"ReadAction","target":["https:\/\/famicord.lu\/fr\/pregnancy-zone-2\/calendrier-de-grossesse\/14-schwangerschaftswoche-entwicklung-des-babys-und-wohlbefinden-der-mutter"]}]},{"@type":"ImageObject","inLanguage":"fr-LU","@id":"https:\/\/famicord.lu\/fr\/pregnancy-zone-2\/calendrier-de-grossesse\/14-schwangerschaftswoche-entwicklung-des-babys-und-wohlbefinden-der-mutter#primaryimage","url":"https:\/\/famicord.lu\/wp-content\/uploads\/2024\/08\/14_Gruszka.jpg","contentUrl":"https:\/\/famicord.lu\/wp-content\/uploads\/2024\/08\/14_Gruszka.jpg","width":610,"height":413},{"@type":"BreadcrumbList","@id":"https:\/\/famicord.lu\/fr\/pregnancy-zone-2\/calendrier-de-grossesse\/14-schwangerschaftswoche-entwicklung-des-babys-und-wohlbefinden-der-mutter#breadcrumb","itemListElement":[{"@type":"ListItem","position":1,"name":"Home","item":"https:\/\/famicord.lu\/fr"},{"@type":"ListItem","position":2,"name":"FamiBlog","item":"https:\/\/famicord.lu\/fr\/pregnancy-zone-2"},{"@type":"ListItem","position":3,"name":"14e semaine de grossesse &#8211; D\u00e9veloppement du b\u00e9b\u00e9 et bien-\u00eatre de la m\u00e8re"}]},{"@type":"WebSite","@id":"https:\/\/famicord.lu\/fr#website","url":"https:\/\/famicord.lu\/fr","name":"FamiCord Suisse","description":"","potentialAction":[{"@type":"SearchAction","target":{"@type":"EntryPoint","urlTemplate":"https:\/\/famicord.lu\/fr?s={search_term_string}"},"query-input":{"@type":"PropertyValueSpecification","valueRequired":true,"valueName":"search_term_string"}}],"inLanguage":"fr-LU"}]}},"_links":{"self":[{"href":"https:\/\/famicord.lu\/fr\/wp-json\/wp\/v2\/pregnancy_zone\/5779","targetHints":{"allow":["GET"]}}],"collection":[{"href":"https:\/\/famicord.lu\/fr\/wp-json\/wp\/v2\/pregnancy_zone"}],"about":[{"href":"https:\/\/famicord.lu\/fr\/wp-json\/wp\/v2\/types\/pregnancy_zone"}],"author":[{"embeddable":true,"href":"https:\/\/famicord.lu\/fr\/wp-json\/wp\/v2\/users\/2"}],"wp:featuredmedia":[{"embeddable":true,"href":"https:\/\/famicord.lu\/fr\/wp-json\/wp\/v2\/media\/2561"}],"wp:attachment":[{"href":"https:\/\/famicord.lu\/fr\/wp-json\/wp\/v2\/media?parent=5779"}],"wp:term":[{"taxonomy":"pregnancy_zone_category","embeddable":true,"href":"https:\/\/famicord.lu\/fr\/wp-json\/wp\/v2\/pregnancy_zone_category?post=5779"}],"curies":[{"name":"wp","href":"https:\/\/api.w.org\/{rel}","templated":true}]}}